{"id":1629,"date":"2020-06-04T00:58:56","date_gmt":"2020-06-04T00:58:56","guid":{"rendered":"http:\/\/34.67.86.69\/?page_id=1629"},"modified":"2024-11-06T15:31:59","modified_gmt":"2024-11-06T18:31:59","slug":"cuidar","status":"publish","type":"page","link":"https:\/\/osepmendoza.com.ar\/web\/servicios-preventivos\/cuidar\/","title":{"rendered":"Cuidados Paliativos"},"content":{"rendered":"<section class=\"sh-section sh-section-24a431f2542ef03acd45ae7c4ba5d9ca fw-main-row sh-section-visibility-everywhere\" id=\"top-programa\">\r\n\t\r\n\t\r\n\t<div class=\"sh-section-container container\">\r\n\t\t<div class=\"fw-row\">\n\t\r\n<div class=\"sh-column sh-column-107674e4341b6c4d4a45669c0eaec7ba fw-col-xs-12 fw-col-sm-6 sh-column-mobile-padding\" >\r\n\r\n\t\r\n\t<div class=\"sh-column-wrapper\">\r\n\t\t\r\n<div id=\"single-image-80def2a37b3e5095502381644d99f6ff\" class=\"sh-single-image  \">\r\n\t<div class=\"sh-element-margin\">\r\n\t\t\r\n\t\t\r\n\t\t\t<div class=\"sh-single-image-container\">\r\n\t\t\t\t\t\t\t\t\t\t\t\t\t\t\t<a href=\"\/\/osepmendoza.com.ar\/web\/wp-content\/uploads\/2020\/04\/Texto-Cuidados-paliativos-e1730829983657.png\" rel=\"lightbox\">\r\n\t\t\t\t\t\r\n\t\t\t\t\t\t\t\t\t\t\t\t\t<img decoding=\"async\" class=\"sh-image-url\" src=\"https:\/\/osepmendoza.com.ar\/web\/wp-content\/uploads\/2020\/04\/Texto-Cuidados-paliativos-e1730829983657.png\" alt=\"Texto Cuidados paliativos\" \/>\r\n\t\t\t\t\t\t\t\t\t\t\t\t\t\r\n\t\t\t\t\t\t\t\t\t\t\t<\/a>\r\n\t\t\t\t\t\t\t\t\t\r\n\t\t\t\t\t\t\t<\/div>\r\n\r\n\t\t\r\n\t<\/div>\r\n<\/div>\r\n\t<\/div>\r\n\r\n\r\n\t\t\r\n\r\n<\/div>\r\n\r\n<div class=\"sh-column sh-column-13eae84beacb9ee6ef344934e8ab175f fw-col-xs-12 fw-col-sm-6 sh-column-mobile-padding\" >\r\n\r\n\t\r\n\t<div class=\"sh-column-wrapper\">\r\n\t\t\r\n<div id=\"single-image-6ffd7fdd480b4331f7541f55b64f5bad\" class=\"sh-single-image  \">\r\n\t<div class=\"sh-element-margin\">\r\n\t\t\r\n\t\t\r\n\t\t\t<div class=\"sh-single-image-container\">\r\n\t\t\t\t\t\t\t\t\t\t\t\t\t\t\t<a href=\"\/\/osepmendoza.com.ar\/web\/wp-content\/uploads\/2020\/04\/icono-cuidar-e1730829723691.png\" rel=\"lightbox\">\r\n\t\t\t\t\t\r\n\t\t\t\t\t\t\t\t\t\t\t\t\t<img decoding=\"async\" class=\"sh-image-url\" src=\"https:\/\/osepmendoza.com.ar\/web\/wp-content\/uploads\/2020\/04\/icono-cuidar-e1730829723691.png\" alt=\"\u00edcono cuidar\" \/>\r\n\t\t\t\t\t\t\t\t\t\t\t\t\t\r\n\t\t\t\t\t\t\t\t\t\t\t<\/a>\r\n\t\t\t\t\t\t\t\t\t\r\n\t\t\t\t\t\t\t<\/div>\r\n\r\n\t\t\r\n\t<\/div>\r\n<\/div>\r\n\t<\/div>\r\n\r\n\r\n\t\t\r\n\r\n<\/div>\r\n<\/div>\n\n\t<\/div>\r\n<\/section>\r\n\r\n<section class=\"sh-section sh-section-ef0ade462783995e5e12827b77e6d2f7 fw-main-row sh-section-visibility-everywhere\" id=\"descripcion\">\r\n\t\r\n\t\r\n\t<div class=\"sh-section-container container\">\r\n\t\t<div class=\"fw-row\">\n\t\r\n<div class=\"sh-column sh-column-fd5f4a5a8b73c7137451b12dce91d89e fw-col-xs-12 sh-column-mobile-padding\" >\r\n\r\n\t\r\n\t<div class=\"sh-column-wrapper\">\r\n\t\t\r\n<div id=\"text-block-f723c9745337d517710d8aa7207849dc\" class=\"sh-text-block\">\r\n\t<h2>Descripci\u00f3n<\/h2><p>Atenci\u00f3n del dolor cr\u00f3nico y cuidados paliativos. El Servicio de OSEP incluye la atenci\u00f3n de las personas con dolor cr\u00f3nico y de pacientes con enfermedad oncol\u00f3gica en situaci\u00f3n avanzada.<\/p><\/div>\r\n\t<\/div>\r\n\r\n\r\n\t\t\r\n\r\n<\/div>\r\n<\/div>\n\n\t<\/div>\r\n<\/section>\r\n\r\n<section class=\"sh-section sh-section-1bdd2938f90b0e20db36db14dd95bf7b fw-main-row sh-section-visibility-everywhere\" id=\"QueeselDolorCr\u00f3nico\">\r\n\t\r\n\t\r\n\t<div class=\"sh-section-container container\">\r\n\t\t<div class=\"fw-row\">\n\t\r\n<div class=\"sh-column sh-column-0821d3c790d90efb15062c6fc542c318 fw-col-xs-12 sh-column-mobile-padding\" >\r\n\r\n\t\r\n\t<div class=\"sh-column-wrapper\">\r\n\t\t\r\n<div id=\"divider-76e7f5900a20598a227e4755e7d03778\" class=\"sh-divider sh-divider-center sh-divider-content-none\">\r\n\t\t\t<div class=\"sh-divider-line\"><\/div>\r\n\t<\/div>\r\n\r\n<div id=\"text-block-a94c8da9c355a6c2a6d1e961efdb1363\" class=\"sh-text-block\">\r\n\t<h2>\u00bfQu\u00e9 es el Dolor Cr\u00f3nico?<\/h2><p>Es una experiencia sensorial y emocional desagradable, de tipo moderado o intenso, continuo o intermitente, que dura m\u00e1s de 6 meses y no responde a los tratamientos indicados.<br \/>Modifica y afecta la calidad de vida de quien lo padece, alrededor del 20% de la poblaci\u00f3n, y de su entorno social, laboral, familiar y econ\u00f3mico. A veces est\u00e1 relacionado con otros problemas de salud cr\u00f3nicos como la diabetes.<br \/>No cumple una funci\u00f3n protectora (de \u201caviso\u201d) convirti\u00e9ndose en un dolor innecesario.<br \/><strong>La atenci\u00f3n es exclusivamente ambulatoria en los Consultorios del Servicio.<\/strong><\/p><\/div>\r\n\t<\/div>\r\n\r\n\r\n\t\t\r\n\r\n<\/div>\r\n<\/div>\n\n\t<\/div>\r\n<\/section>\r\n\r\n<section class=\"sh-section sh-section-5867b5e0734c40ac80a8797863c6e724 fw-main-row sh-section-visibility-everywhere\" id=\"Qu\u00e9sonlosCuidadosPaliativos\">\r\n\t\r\n\t\r\n\t<div class=\"sh-section-container container\">\r\n\t\t<div class=\"fw-row\">\n\t\r\n<div class=\"sh-column sh-column-3e0c0063b4148361f773c863dc66728f fw-col-xs-12 sh-column-mobile-padding\" >\r\n\r\n\t\r\n\t<div class=\"sh-column-wrapper\">\r\n\t\t\r\n<div id=\"divider-b41930628d0b68f89cc89e7c0df5cbb4\" class=\"sh-divider sh-divider-center sh-divider-content-none\">\r\n\t\t\t<div class=\"sh-divider-line\"><\/div>\r\n\t<\/div>\r\n\r\n<div id=\"text-block-0bd04e6528e7433b03030aa3e789d8c1\" class=\"sh-text-block\">\r\n\t<h2>\u00bfQu\u00e9 son los Cuidados Paliativos?<\/h2><p>Son aquellas estrategias dirigidas a aliviar el sufrimiento del paciente con diagn\u00f3stico de enfermedad oncol\u00f3gica avanzada y progresiva que limita su vida, poniendo especial \u00e9nfasis en prevenir el sufrimiento.<br \/>Su meta es la de conseguir la mejor calidad de vida posible para el enfermo y dar apoyo a su familia.<br \/><div class=\"wptb-container-legacy\" data-table-id=\"42017\">\n    <table class=\"wptb-preview-table wptb-element-main-table_setting-1296 wptb-table-preview-head\" data-reconstraction=\"0\" style=\"border-width: 0px; border-style: solid; border-image: initial;\" data-wptb-table-tds-sum-max-width=\"394\" data-wptb-cells-width-auto-count=\"1\" data-table-columns=\"0\" data-wptb-adaptive-table=\"1\" data-wptb-fixed-width-size=\"0\" data-wptb-td-width-auto=\"364\"><tbody><tr class=\"wptb-row\" style=\"background-color: rgb(233, 218, 242);\"><td class=\"wptb-cell\" style=\"border-width: 1px;\" data-wptb-css-td-auto-width=\"true\" colspan=\"2\" rowspan=\"1\"><div class=\"wptb-text-container wptb-ph-element wptb-element-text-2\" style=\"color: rgb(96, 39, 96);\"><div class=\"\" style=\"position: relative;\"><p class=\"\"><strong>\u00bfC\u00f3mo se trata?<\/strong><\/p><\/div><\/div><\/td><\/tr><tr class=\"wptb-row\" style=\"background-color: rgb(244, 244, 244);\"><td class=\"wptb-cell\" style=\"border-width: 1px;\" data-wptb-css-td-auto-width=\"true\" data-wptb-title-column=\"\u00bfC\u00f3mo se trata?\" data-wptb-title-column-font-size=\"\" data-wptb-title-column-color=\"rgb(96, 39, 96)\" data-wptb-title-background-color=\"rgb(233, 218, 242)\" data-wptb-title-align=\"\" colspan=\"2\" rowspan=\"1\"><div class=\"wptb-list-container wptb-ph-element wptb-element-list-3\"><ul>            <li class=\"wptb-in-element\">                <div class=\"wptb-list-item-content\" style=\"position: relative;\"><p data-list-style-type-index=\"1.\" class=\"wptb-list-style-type-disc\">Control de signos y s\u00edntomas (m\u00faltiples, multifactoriales y cambiantes) principalmente dolor, depresi\u00f3n, ansiedad e insomnio.<\/p><\/div>            <\/li><li class=\"wptb-in-element\">                <div class=\"wptb-list-item-content\" style=\"position: relative;\"><p data-list-style-type-index=\"2.\" class=\"wptb-list-style-type-disc\">Ayuda psicol\u00f3gica, emocional y espiritual.<\/p><\/div>            <\/li><li class=\"wptb-in-element\">                <div class=\"wptb-list-item-content\" style=\"position: relative;\"><p data-list-style-type-index=\"3.\" class=\"wptb-list-style-type-disc\">Acompa\u00f1amiento a la familia.<\/p><\/div>            <\/li><li class=\"wptb-in-element\">                <div class=\"wptb-list-item-content\" style=\"position: relative;\"><p data-list-style-type-index=\"4.\" class=\"wptb-list-style-type-disc\">Apoyo en el duelo.<\/p><\/div>            <\/li>                                <\/ul><\/div><\/td><\/tr><\/tbody><\/table>\n<\/div><p>Los Cuidados Paliativos no deben entenderse como exclusivos de la fase final de la enfermedad porque el adecuado control de los s\u00edntomas durante el desarrollo de la patolog\u00eda repercute en la calidad de vida y en el modo de recibir el tratamiento activo propuesto por los m\u00e9dicos especialistas.<\/p><p>La asistencia es <strong>ambulatoria<\/strong>, para aquellos pacientes que pueden desplazarse, realizan tratamiento activo y mantienen sus actividades de la vida diaria sin muchos cambios y <strong>domiciliaria<\/strong>, para los que no pueden trasladarse y ya no realizan tratamientos activos (espec\u00edficos para la enfermedad de base).<br \/>El objetivo en este \u00faltimo caso es un adecuado control de s\u00edntomas sin tener que depender de sistemas de emergencias o guardias hospitalarias. Este Servicio se presta a afiliados del Gran Mendoza: Ciudad, Godoy Cruz y parte de Las Heras, Guaymall\u00e9n, Maip\u00fa y Luj\u00e1n de Cuyo.<\/p><\/div>\r\n\t<\/div>\r\n\r\n\r\n\t\t\r\n\r\n<\/div>\r\n<\/div>\n\n\t<\/div>\r\n<\/section>\r\n\r\n<section class=\"sh-section sh-section-4b23bcbf924afdef5e578f3dd608001f fw-main-row sh-section-visibility-everywhere\" id=\"Qu\u00e9ofreceOSEP\">\r\n\t\r\n\t\r\n\t<div class=\"sh-section-container container\">\r\n\t\t<div class=\"fw-row\">\n\t\r\n<div class=\"sh-column sh-column-a8c082d369c98e1f467e9cbdbcf76f29 fw-col-xs-12 sh-column-mobile-padding\" >\r\n\r\n\t\r\n\t<div class=\"sh-column-wrapper\">\r\n\t\t\r\n<div id=\"divider-43289f323e7526daaa12a7d836b9430e\" class=\"sh-divider sh-divider-center sh-divider-content-none\">\r\n\t\t\t<div class=\"sh-divider-line\"><\/div>\r\n\t<\/div>\r\n\r\n<div id=\"text-block-98bf2cb4d16fc5ede9dc0c99b438f48f\" class=\"sh-text-block\">\r\n\t<h2>\u00bfQu\u00e9 le ofrece OSEP?<\/h2><p>Para el dolor cr\u00f3nico o enfermedad oncol\u00f3gica avanzada OSEP le ofrece un equipo multidisciplinario de profesionales especialmente entrenado, compuesto por m\u00e9dicos, enfermeros, t\u00e9cnicos, psic\u00f3logos y trabajadores sociales, que trabajan en forma integral porque la unidad a tratar -paciente y familia afectada- presenta m\u00faltiples problemas en diferentes dimensiones: f\u00edsica, emocional, social y espiritual.<\/p><h3>Para m\u00e1s informaci\u00f3n:<\/h3><\/div>\r\n\r\n<ul class=\"sh-list sh-list-style4\" id=\"list-cbb8c0bf60d3453de549c4f4de35b204\">\r\n\t\t\t<li class=\"sh-list-item\">\r\n\t\t\t<span class=\"sh-list-icon\">\r\n\t\t\t\t<i class=\"pe-7s-map-marker\"><\/i>\r\n\t\t\t<\/span>\r\n\t\t\t Atenci\u00f3n del Dolor Cr\u00f3nico y Cuidados Paliativos \u2013  Edificio Xeltahuina, 2\u00ba piso, Salta 877, Ciudad.\t\t<\/li>\r\n\t<\/ul>\r\n\r\n<ul class=\"sh-list sh-list-style4\" id=\"list-98d83c3efb747b0c3b63edf0f2e4cf27\">\r\n\t\t\t<li class=\"sh-list-item\">\r\n\t\t\t<span class=\"sh-list-icon\">\r\n\t\t\t\t<i class=\"icon-phone\"><\/i>\r\n\t\t\t<\/span>\r\n\t\t\tTel\u00e9fono: (0261) 3480447\t\t<\/li>\r\n\t<\/ul>\r\n\r\n<ul class=\"sh-list sh-list-style4\" id=\"list-f866fe11adf56394661c4984b567ba2f\">\r\n\t\t\t<li class=\"sh-list-item\">\r\n\t\t\t<span class=\"sh-list-icon\">\r\n\t\t\t\t<i class=\"ti-alarm-clock\"><\/i>\r\n\t\t\t<\/span>\r\n\t\t\tHorario de atenci\u00f3n: de lunes a viernes, de 8.30 a 13.30.\t\t<\/li>\r\n\t<\/ul>\r\n\t<\/div>\r\n\r\n\r\n\t\t\r\n\r\n<\/div>\r\n<\/div>\n\n\t<\/div>\r\n<\/section>\r\n\r\n<section class=\"sh-section sh-section-11952b1bf63d0bb8f5d9c8c07533feb1 fw-main-row sh-section-visibility-everywhere\">\r\n\t\r\n\t\r\n\t<div class=\"sh-section-container container\">\r\n\t\t<div class=\"fw-row\">\n\t\r\n<div class=\"sh-column sh-column-2be6ee00392a834d777996ec3a118ea4 fw-col-xs-12 news\" >\r\n\r\n\t\r\n\t<div class=\"sh-column-wrapper\">\r\n\t\t\r\n<div id=\"text-block-bfba8583eadd64474dcfbcb52281ea4c\" class=\"sh-text-block\">\r\n\t<p><img loading=\"lazy\" decoding=\"async\" class=\"wp-image-429 aligncenter\" src=\"http:\/\/osepmendoza.com.ar\/web\/wp-content\/uploads\/2020\/05\/helposep.svg\" alt=\"ayuda\" width=\"84\" height=\"102\" \/><\/p><h2 style=\"text-align: center;\">\u00bfNecesit\u00e1s m\u00e1s ayuda?<\/h2><p style=\"text-align: center;\"><span style=\"font-size: 18px;\">Visit\u00e1 nuestra secci\u00f3n de ayuda, preguntas frecuentes y tutoriales.<\/span><\/p><\/div>\r\n\r\n<div id=\"button-e015843b84342e69b7ccf565ac08a219\" class=\"sh-button-container  sh-button-style-1\">\r\n\t<div class=\"sh-element-margin\">\r\n\t\t<a href=\"https:\/\/osepmendoza.com.ar\/ayuda\" target=\"_blank\" class=\"sh-button sh-button-medium \">\r\n\r\n\t\t\t\r\n\t\t\t\t\t\t\t<span class=\"sh-button-text\">\r\n\t\t\t\t\tM\u00e1s ayuda\t\t\t\t<\/span>\r\n\t\t\t\r\n\t\t\t\r\n\t\t<\/a>\r\n\t\t\t<\/div>\r\n<\/div>\r\n\t<\/div>\r\n\r\n\r\n\t\t\r\n\r\n<\/div>\r\n<\/div>\n\n\t<\/div>\r\n<\/section>\n","protected":false},"excerpt":{"rendered":"<p>Descripci\u00f3nAtenci\u00f3n del dolor cr\u00f3nico y cuidados paliativos. El Servicio de&#8230;<\/p>\n","protected":false},"author":14,"featured_media":0,"parent":1318,"menu_order":30,"comment_status":"closed","ping_status":"closed","template":"","meta":{"_acf_changed":false,"inline_featured_image":false,"_exactmetrics_skip_tracking":false,"_exactmetrics_sitenote_active":false,"_exactmetrics_sitenote_note":"","_exactmetrics_sitenote_category":0,"footnotes":"","_links_to":"","_links_to_target":""},"class_list":["post-1629","page","type-page","status-publish","hentry"],"acf":[],"yoast_head":"<!-- This site is optimized with the Yoast SEO plugin v27.5 - https:\/\/yoast.com\/product\/yoast-seo-wordpress\/ -->\n<title>Cuidados Paliativos - OSEP Mendoza<\/title>\n<meta name=\"robots\" content=\"index, follow, max-snippet:-1, max-image-preview:large, max-video-preview:-1\" \/>\n<link rel=\"canonical\" href=\"https:\/\/osepmendoza.com.ar\/web\/servicios-preventivos\/cuidar\/\" \/>\n<meta property=\"og:locale\" content=\"es_ES\" \/>\n<meta property=\"og:type\" content=\"article\" \/>\n<meta property=\"og:title\" content=\"Cuidados Paliativos - OSEP Mendoza\" \/>\n<meta property=\"og:description\" content=\"Descripci\u00f3nAtenci\u00f3n del dolor cr\u00f3nico y cuidados paliativos. El Servicio de...\" \/>\n<meta property=\"og:url\" content=\"https:\/\/osepmendoza.com.ar\/web\/servicios-preventivos\/cuidar\/\" \/>\n<meta property=\"og:site_name\" content=\"OSEP Mendoza\" \/>\n<meta property=\"article:publisher\" content=\"https:\/\/www.facebook.com\/OSEP.MendozaArg\/\" \/>\n<meta property=\"article:modified_time\" content=\"2024-11-06T18:31:59+00:00\" \/>\n<meta property=\"og:image\" content=\"https:\/\/osepmendoza.com.ar\/web\/wp-content\/uploads\/2020\/04\/Texto-Cuidados-paliativos-e1730829983657.png\" \/>\n<meta name=\"twitter:card\" content=\"summary_large_image\" \/>\n<meta name=\"twitter:site\" content=\"@OsepMza\" \/>\n<meta name=\"twitter:label1\" content=\"Tiempo de lectura\" \/>\n\t<meta name=\"twitter:data1\" content=\"3 minutos\" \/>\n<script type=\"application\/ld+json\" class=\"yoast-schema-graph\">{\"@context\":\"https:\\\/\\\/schema.org\",\"@graph\":[{\"@type\":\"WebPage\",\"@id\":\"https:\\\/\\\/osepmendoza.com.ar\\\/web\\\/servicios-preventivos\\\/cuidar\\\/\",\"url\":\"https:\\\/\\\/osepmendoza.com.ar\\\/web\\\/servicios-preventivos\\\/cuidar\\\/\",\"name\":\"Cuidados Paliativos - OSEP Mendoza\",\"isPartOf\":{\"@id\":\"https:\\\/\\\/osepmendoza.com.ar\\\/web\\\/#website\"},\"primaryImageOfPage\":{\"@id\":\"https:\\\/\\\/osepmendoza.com.ar\\\/web\\\/servicios-preventivos\\\/cuidar\\\/#primaryimage\"},\"image\":{\"@id\":\"https:\\\/\\\/osepmendoza.com.ar\\\/web\\\/servicios-preventivos\\\/cuidar\\\/#primaryimage\"},\"thumbnailUrl\":\"https:\\\/\\\/osepmendoza.com.ar\\\/web\\\/wp-content\\\/uploads\\\/2020\\\/04\\\/Texto-Cuidados-paliativos-e1730829983657.png\",\"datePublished\":\"2020-06-04T00:58:56+00:00\",\"dateModified\":\"2024-11-06T18:31:59+00:00\",\"breadcrumb\":{\"@id\":\"https:\\\/\\\/osepmendoza.com.ar\\\/web\\\/servicios-preventivos\\\/cuidar\\\/#breadcrumb\"},\"inLanguage\":\"es\",\"potentialAction\":[{\"@type\":\"ReadAction\",\"target\":[\"https:\\\/\\\/osepmendoza.com.ar\\\/web\\\/servicios-preventivos\\\/cuidar\\\/\"]}]},{\"@type\":\"ImageObject\",\"inLanguage\":\"es\",\"@id\":\"https:\\\/\\\/osepmendoza.com.ar\\\/web\\\/servicios-preventivos\\\/cuidar\\\/#primaryimage\",\"url\":\"https:\\\/\\\/osepmendoza.com.ar\\\/web\\\/wp-content\\\/uploads\\\/2020\\\/04\\\/Texto-Cuidados-paliativos-e1730829983657.png\",\"contentUrl\":\"https:\\\/\\\/osepmendoza.com.ar\\\/web\\\/wp-content\\\/uploads\\\/2020\\\/04\\\/Texto-Cuidados-paliativos-e1730829983657.png\",\"width\":507,\"height\":260},{\"@type\":\"BreadcrumbList\",\"@id\":\"https:\\\/\\\/osepmendoza.com.ar\\\/web\\\/servicios-preventivos\\\/cuidar\\\/#breadcrumb\",\"itemListElement\":[{\"@type\":\"ListItem\",\"position\":1,\"name\":\"Portada\",\"item\":\"https:\\\/\\\/osepmendoza.com.ar\\\/web\\\/\"},{\"@type\":\"ListItem\",\"position\":2,\"name\":\"Servicios Preventivos\",\"item\":\"https:\\\/\\\/osepmendoza.com.ar\\\/web\\\/servicios-preventivos\\\/\"},{\"@type\":\"ListItem\",\"position\":3,\"name\":\"Cuidados Paliativos\"}]},{\"@type\":\"WebSite\",\"@id\":\"https:\\\/\\\/osepmendoza.com.ar\\\/web\\\/#website\",\"url\":\"https:\\\/\\\/osepmendoza.com.ar\\\/web\\\/\",\"name\":\"OSEP Mendoza\",\"description\":\"Obra Social de los Empleados P\u00fablicos de Mendoza\",\"publisher\":{\"@id\":\"https:\\\/\\\/osepmendoza.com.ar\\\/web\\\/#organization\"},\"potentialAction\":[{\"@type\":\"SearchAction\",\"target\":{\"@type\":\"EntryPoint\",\"urlTemplate\":\"https:\\\/\\\/osepmendoza.com.ar\\\/web\\\/?s={search_term_string}\"},\"query-input\":{\"@type\":\"PropertyValueSpecification\",\"valueRequired\":true,\"valueName\":\"search_term_string\"}}],\"inLanguage\":\"es\"},{\"@type\":\"Organization\",\"@id\":\"https:\\\/\\\/osepmendoza.com.ar\\\/web\\\/#organization\",\"name\":\"OSEP - Obra Social de Empleados P\u00fablicos de Mendoza\",\"url\":\"https:\\\/\\\/osepmendoza.com.ar\\\/web\\\/\",\"logo\":{\"@type\":\"ImageObject\",\"inLanguage\":\"es\",\"@id\":\"https:\\\/\\\/osepmendoza.com.ar\\\/web\\\/#\\\/schema\\\/logo\\\/image\\\/\",\"url\":\"https:\\\/\\\/osepmendoza.com.ar\\\/web\\\/wp-content\\\/uploads\\\/2020\\\/04\\\/lkTM9T9z.jpg\",\"contentUrl\":\"https:\\\/\\\/osepmendoza.com.ar\\\/web\\\/wp-content\\\/uploads\\\/2020\\\/04\\\/lkTM9T9z.jpg\",\"width\":334,\"height\":334,\"caption\":\"OSEP - Obra Social de Empleados P\u00fablicos de Mendoza\"},\"image\":{\"@id\":\"https:\\\/\\\/osepmendoza.com.ar\\\/web\\\/#\\\/schema\\\/logo\\\/image\\\/\"},\"sameAs\":[\"https:\\\/\\\/www.facebook.com\\\/OSEP.MendozaArg\\\/\",\"https:\\\/\\\/x.com\\\/OsepMza\",\"https:\\\/\\\/www.instagram.com\\\/osep.mendoza\\\/\",\"https:\\\/\\\/www.youtube.com\\\/user\\\/osepvideos\"]}]}<\/script>\n<!-- \/ Yoast SEO plugin. -->","yoast_head_json":{"title":"Cuidados Paliativos - OSEP Mendoza","robots":{"index":"index","follow":"follow","max-snippet":"max-snippet:-1","max-image-preview":"max-image-preview:large","max-video-preview":"max-video-preview:-1"},"canonical":"https:\/\/osepmendoza.com.ar\/web\/servicios-preventivos\/cuidar\/","og_locale":"es_ES","og_type":"article","og_title":"Cuidados Paliativos - OSEP Mendoza","og_description":"Descripci\u00f3nAtenci\u00f3n del dolor cr\u00f3nico y cuidados paliativos. El Servicio de...","og_url":"https:\/\/osepmendoza.com.ar\/web\/servicios-preventivos\/cuidar\/","og_site_name":"OSEP Mendoza","article_publisher":"https:\/\/www.facebook.com\/OSEP.MendozaArg\/","article_modified_time":"2024-11-06T18:31:59+00:00","og_image":[{"url":"https:\/\/osepmendoza.com.ar\/web\/wp-content\/uploads\/2020\/04\/Texto-Cuidados-paliativos-e1730829983657.png","type":"","width":"","height":""}],"twitter_card":"summary_large_image","twitter_site":"@OsepMza","twitter_misc":{"Tiempo de lectura":"3 minutos"},"schema":{"@context":"https:\/\/schema.org","@graph":[{"@type":"WebPage","@id":"https:\/\/osepmendoza.com.ar\/web\/servicios-preventivos\/cuidar\/","url":"https:\/\/osepmendoza.com.ar\/web\/servicios-preventivos\/cuidar\/","name":"Cuidados Paliativos - OSEP Mendoza","isPartOf":{"@id":"https:\/\/osepmendoza.com.ar\/web\/#website"},"primaryImageOfPage":{"@id":"https:\/\/osepmendoza.com.ar\/web\/servicios-preventivos\/cuidar\/#primaryimage"},"image":{"@id":"https:\/\/osepmendoza.com.ar\/web\/servicios-preventivos\/cuidar\/#primaryimage"},"thumbnailUrl":"https:\/\/osepmendoza.com.ar\/web\/wp-content\/uploads\/2020\/04\/Texto-Cuidados-paliativos-e1730829983657.png","datePublished":"2020-06-04T00:58:56+00:00","dateModified":"2024-11-06T18:31:59+00:00","breadcrumb":{"@id":"https:\/\/osepmendoza.com.ar\/web\/servicios-preventivos\/cuidar\/#breadcrumb"},"inLanguage":"es","potentialAction":[{"@type":"ReadAction","target":["https:\/\/osepmendoza.com.ar\/web\/servicios-preventivos\/cuidar\/"]}]},{"@type":"ImageObject","inLanguage":"es","@id":"https:\/\/osepmendoza.com.ar\/web\/servicios-preventivos\/cuidar\/#primaryimage","url":"https:\/\/osepmendoza.com.ar\/web\/wp-content\/uploads\/2020\/04\/Texto-Cuidados-paliativos-e1730829983657.png","contentUrl":"https:\/\/osepmendoza.com.ar\/web\/wp-content\/uploads\/2020\/04\/Texto-Cuidados-paliativos-e1730829983657.png","width":507,"height":260},{"@type":"BreadcrumbList","@id":"https:\/\/osepmendoza.com.ar\/web\/servicios-preventivos\/cuidar\/#breadcrumb","itemListElement":[{"@type":"ListItem","position":1,"name":"Portada","item":"https:\/\/osepmendoza.com.ar\/web\/"},{"@type":"ListItem","position":2,"name":"Servicios Preventivos","item":"https:\/\/osepmendoza.com.ar\/web\/servicios-preventivos\/"},{"@type":"ListItem","position":3,"name":"Cuidados Paliativos"}]},{"@type":"WebSite","@id":"https:\/\/osepmendoza.com.ar\/web\/#website","url":"https:\/\/osepmendoza.com.ar\/web\/","name":"OSEP Mendoza","description":"Obra Social de los Empleados P\u00fablicos de Mendoza","publisher":{"@id":"https:\/\/osepmendoza.com.ar\/web\/#organization"},"potentialAction":[{"@type":"SearchAction","target":{"@type":"EntryPoint","urlTemplate":"https:\/\/osepmendoza.com.ar\/web\/?s={search_term_string}"},"query-input":{"@type":"PropertyValueSpecification","valueRequired":true,"valueName":"search_term_string"}}],"inLanguage":"es"},{"@type":"Organization","@id":"https:\/\/osepmendoza.com.ar\/web\/#organization","name":"OSEP - Obra Social de Empleados P\u00fablicos de Mendoza","url":"https:\/\/osepmendoza.com.ar\/web\/","logo":{"@type":"ImageObject","inLanguage":"es","@id":"https:\/\/osepmendoza.com.ar\/web\/#\/schema\/logo\/image\/","url":"https:\/\/osepmendoza.com.ar\/web\/wp-content\/uploads\/2020\/04\/lkTM9T9z.jpg","contentUrl":"https:\/\/osepmendoza.com.ar\/web\/wp-content\/uploads\/2020\/04\/lkTM9T9z.jpg","width":334,"height":334,"caption":"OSEP - Obra Social de Empleados P\u00fablicos de Mendoza"},"image":{"@id":"https:\/\/osepmendoza.com.ar\/web\/#\/schema\/logo\/image\/"},"sameAs":["https:\/\/www.facebook.com\/OSEP.MendozaArg\/","https:\/\/x.com\/OsepMza","https:\/\/www.instagram.com\/osep.mendoza\/","https:\/\/www.youtube.com\/user\/osepvideos"]}]}},"amp_enabled":true,"_links":{"self":[{"href":"https:\/\/osepmendoza.com.ar\/web\/wp-json\/wp\/v2\/pages\/1629","targetHints":{"allow":["GET"]}}],"collection":[{"href":"https:\/\/osepmendoza.com.ar\/web\/wp-json\/wp\/v2\/pages"}],"about":[{"href":"https:\/\/osepmendoza.com.ar\/web\/wp-json\/wp\/v2\/types\/page"}],"author":[{"embeddable":true,"href":"https:\/\/osepmendoza.com.ar\/web\/wp-json\/wp\/v2\/users\/14"}],"replies":[{"embeddable":true,"href":"https:\/\/osepmendoza.com.ar\/web\/wp-json\/wp\/v2\/comments?post=1629"}],"version-history":[{"count":23,"href":"https:\/\/osepmendoza.com.ar\/web\/wp-json\/wp\/v2\/pages\/1629\/revisions"}],"predecessor-version":[{"id":55755,"href":"https:\/\/osepmendoza.com.ar\/web\/wp-json\/wp\/v2\/pages\/1629\/revisions\/55755"}],"up":[{"embeddable":true,"href":"https:\/\/osepmendoza.com.ar\/web\/wp-json\/wp\/v2\/pages\/1318"}],"wp:attachment":[{"href":"https:\/\/osepmendoza.com.ar\/web\/wp-json\/wp\/v2\/media?parent=1629"}],"curies":[{"name":"wp","href":"https:\/\/api.w.org\/{rel}","templated":true}]}}