{"id":1112,"date":"2020-05-18T14:39:16","date_gmt":"2020-05-18T14:39:16","guid":{"rendered":"http:\/\/34.67.86.69\/?page_id=1112"},"modified":"2021-04-21T11:27:08","modified_gmt":"2021-04-21T14:27:08","slug":"discapacidad","status":"publish","type":"page","link":"https:\/\/osepmendoza.com.ar\/web\/servicios\/discapacidad\/","title":{"rendered":"Discapacidad"},"content":{"rendered":"<section class=\"sh-section sh-section-827082db83664970c10192a21ca3210b fw-main-row sh-section-visibility-everywhere\">\r\n\t\r\n\t\r\n\t<div class=\"sh-section-container container\">\r\n\t\t\t<\/div>\r\n<\/section>\r\n\r\n<section class=\"sh-section sh-section-24a431f2542ef03acd45ae7c4ba5d9ca fw-main-row sh-section-visibility-everywhere\">\r\n\t\r\n\t\r\n\t<div class=\"sh-section-container container\">\r\n\t\t<div class=\"fw-row\">\n\t\r\n<div class=\"sh-column sh-column-107674e4341b6c4d4a45669c0eaec7ba fw-col-xs-12\" >\r\n\r\n\t\r\n\t<div class=\"sh-column-wrapper\">\r\n\t\t\r\n<div id=\"text-block-28191f6aa4b2ca62c7247161ad89a6ec\" class=\"sh-text-block\">\r\n\t<h2 style=\"margin-bottom: 15px; text-align: center;\"><span style=\"color: #746e80; font-size: 30px;\"><img loading=\"lazy\" decoding=\"async\" class=\"alignnone size-full wp-image-453\" src=\"http:\/\/osepmendoza.com.ar\/web\/wp-content\/uploads\/2020\/05\/tt1.svg\" alt=\"discapacidad icono\" width=\"64\" height=\"64\" \/> Discapacidad<\/span><\/h2><\/div>\r\n\r\n<div id=\"divider-4e7f2ab55400a3fa88177f673fe59939\" class=\"sh-divider sh-divider-center sh-divider-content-none\">\r\n\t\t\t<div class=\"sh-divider-line\"><\/div>\r\n\t<\/div>\r\n\t<\/div>\r\n\r\n\r\n\t\t\r\n\r\n<\/div>\r\n<\/div>\n\n\t<\/div>\r\n<\/section>\r\n\r\n<section class=\"sh-section sh-section-9942d1e38d22dff98a19e57a8d241026 fw-main-row sh-section-visibility-everywhere\">\r\n\t\r\n\t\r\n\t<div class=\"sh-section-container container\">\r\n\t\t<div class=\"fw-row\">\n\t\r\n<div class=\"sh-column sh-column-9468255be3817210ca7f28f7aa54c427 fw-col-xs-12 fw-col-sm-2\" >\r\n\r\n\t\r\n\t<div class=\"sh-column-wrapper\">\r\n\t\t\t<\/div>\r\n\r\n\r\n\t\t\r\n\r\n<\/div>\r\n\r\n<div class=\"sh-column sh-column-0542a8e380b186b08b185b6a304f199f fw-col-xs-12 fw-col-sm-8\" >\r\n\r\n\t\r\n\t<div class=\"sh-column-wrapper\">\r\n\t\t\r\n<div id=\"text-block-9002688319bbccca38c3e2ad0616dfc3\" class=\"sh-text-block\">\r\n\t<h2>\u00bfC\u00f3mo acceder a las prestaciones de discapacidad?<\/h2><p>Para acceder a las prestaciones de discapacidad el afiliado debe empadronarse en el sector de Discapacidad, ubicada en el edificio Xeltahuina o en las Delegaci\u00f3n o Subdelegaci\u00f3n de la Obra Social m\u00e1s cercana.<\/p><\/div>\r\n\r\n<div id=\"text-block-fa47211a450522a6c229a46201ac3943\" class=\"sh-text-block\">\r\n\t<h2>\u00bfQu\u00e9 es el empadronamiento?<\/h2><p>Es el tr\u00e1mite administrativo que le permite a los afiliados con discapacidad poder gestionar cobertura al 100% en las prestaciones y\/o elementos relacionados con su patolog\u00eda discapacitante.<\/p><\/div>\r\n\r\n<div id=\"text-block-6cc07702e12339f6ce149c24f6325326\" class=\"sh-text-block\">\r\n\t<h2>\u00bfC\u00f3mo realizar el tr\u00e1mite?<\/h2><p>El afiliado con discapacidad o la persona responsable debe asistir a la <strong>Direcci\u00f3n de Discapacidad de OSEP o a la Delegaci\u00f3n o Subdelegaci\u00f3n de la Obra Social<\/strong> m\u00e1s cercana a su domicilio.<\/p><\/div>\r\n\r\n<div id=\"text-block-e853bbf9922bf127917e111cc0891270\" class=\"sh-text-block\">\r\n\t<div class=\"wptb-container-legacy\" data-table-id=\"41992\">\n    <table class=\"wptb-preview-table wptb-element-main-table_setting-1137\" data-reconstraction=\"1\" style=\"border-width: 0px; border-style: solid; border-image: initial;\" data-wptb-table-tds-sum-max-width=\"130\" data-wptb-cells-width-auto-count=\"1\" data-wptb-adaptive-table=\"0\" data-table-columns=\"0\"><tbody><tr class=\"wptb-row\" style=\"background-color: rgb(204, 186, 216);\"><td class=\"wptb-cell\" style=\"border-width: 1px;\" data-wptb-css-td-auto-width=\"true\"><div class=\"wptb-text-container wptb-ph-element wptb-element-text-1\" style=\"font-size: 18px; color: rgb(119, 37, 131);\"><div class=\"\" style=\"position: relative;\"><p><strong>Documentaci\u00f3n a presentar<\/strong><\/p><\/div><\/div><\/td><\/tr><tr class=\"wptb-row\"><td class=\"wptb-cell\" style=\"border-width: 1px;\" data-wptb-css-td-auto-width=\"true\"><div class=\"wptb-list-container wptb-ph-element wptb-element-list-1\"><ul>            <li class=\"wptb-in-element\">                <div class=\"wptb-list-item-content\" style=\"position: relative;\"><p data-list-style-type-index=\"1.\">Certificado de Discapacidad Nacional (original y fotocopia)<\/p><\/div>            <\/li>            <li class=\"wptb-in-element\">                <div class=\"wptb-list-item-content\" style=\"position: relative;\"><p data-list-style-type-index=\"2.\">Fotocopia del DNI del titular y del afiliado con discapacidad<\/p><\/div>            <\/li>            <li class=\"wptb-in-element\">                <div class=\"wptb-list-item-content\" style=\"position: relative;\"><p data-list-style-type-index=\"3.\">Fotocopia del carnet del afiliado con discapacidad<\/p><\/div>            <\/li>        <\/ul><\/div><\/td><\/tr><\/tbody><\/table>\n<\/div><\/div>\r\n\r\n<div id=\"text-block-8cff5bde139061bfc52c29a99f894be6\" class=\"sh-text-block\">\r\n\t<h2>Vigencia del empadronamiento<\/h2><p>Para la validez del empadronamiento se tendr\u00e1 en cuenta la fecha de vencimiento del Certificado de Discapacidad presentado.<\/p><p>Los afiliados ser\u00e1n los responsables de gestionar la renovaci\u00f3n de su certificado ante la Junta de Discapacidad de la Provincia, previo a la fecha de vencimiento.<\/p><p>Los afiliados que no realicen este tr\u00e1mite perder\u00e1n los beneficios de cobertura especial de discapacidad que hayan estado recibiendo por parte de OSEP.<\/p><\/div>\r\n\t<\/div>\r\n\r\n\r\n\t\t\r\n\r\n<\/div>\r\n\r\n<div class=\"sh-column sh-column-d9d0571e4ecde3c4b802553caee9d6c1 fw-col-xs-12 fw-col-sm-2\" >\r\n\r\n\t\r\n\t<div class=\"sh-column-wrapper\">\r\n\t\t\t<\/div>\r\n\r\n\r\n\t\t\r\n\r\n<\/div>\r\n<\/div>\n\n\t<\/div>\r\n<\/section>\r\n\r\n<section class=\"sh-section sh-section-3ada0692a6cad8c9d8ce792998bcaff7 fw-main-row sh-section-visibility-everywhere\">\r\n\t\r\n\t\r\n\t<div class=\"sh-section-container container\">\r\n\t\t<div class=\"fw-row\">\n\t\r\n<div class=\"sh-column sh-column-f7e182cd30e2641cb67baa7c745b67d7 fw-col-xs-12\" >\r\n\r\n\t\r\n\t<div class=\"sh-column-wrapper\">\r\n\t\t\r\n<div id=\"divider-217bbe757428681851a3454b34e0b6d7\" class=\"sh-divider sh-divider-center sh-divider-content-none\">\r\n\t\t\t<div class=\"sh-divider-line\"><\/div>\r\n\t<\/div>\r\n\t<\/div>\r\n\r\n\r\n\t\t\r\n\r\n<\/div>\r\n<\/div>\n\n<div class=\"fw-row\">\n\t\r\n<div class=\"sh-column sh-column-99191c2399b7e67ff7305c3847184bca fw-col-xs-12 fw-col-sm-6\" >\r\n\r\n\t\r\n\t<div class=\"sh-column-wrapper\">\r\n\t\t\r\n<div id=\"text-block-c0fec1ba49326de4562983b52c8105bc\" class=\"sh-text-block\">\r\n\t<h3><\/h3><h3 style=\"text-align: left;\">Consultas<\/h3><p>En el interior consulte en la Sede o Subsede m\u00e1s cercana a su domicilio.<\/p><\/div>\r\n\t<\/div>\r\n\r\n\r\n\t\t\r\n\r\n<\/div>\r\n\r\n<div class=\"sh-column sh-column-cdbdee03bb78d8901175ffb5eec8e95f fw-col-xs-12 fw-col-sm-6\" >\r\n\r\n\t\r\n\t<div class=\"sh-column-wrapper\">\r\n\t\t\r\n<ul class=\"sh-list sh-list-style4\" id=\"list-07b6fcc017372511f3e383064d48e057\">\r\n\t\t\t<li class=\"sh-list-item\">\r\n\t\t\t<span class=\"sh-list-icon\">\r\n\t\t\t\t<i class=\"pe-7s-map-marker\"><\/i>\r\n\t\t\t<\/span>\r\n\t\t\tOSEP, edificio Xeltahuina, Salta 877, planta baja, Ciudad.\t\t<\/li>\r\n\t<\/ul>\r\n\r\n<ul class=\"sh-list sh-list-style1\" id=\"list-9fd01fafb4f36f562c417dc817c34ec4\">\r\n\t\t\t<li class=\"sh-list-item\">\r\n\t\t\t<span class=\"sh-list-icon\">\r\n\t\t\t\t<i class=\"ti-alarm-clock\"><\/i>\r\n\t\t\t<\/span>\r\n\t\t\tLunes a viernes de 8 a 16 hs.\t\t<\/li>\r\n\t<\/ul>\r\n\r\n<ul class=\"sh-list sh-list-style1\" id=\"list-61c9431c9d8794715d20086eb8a189d1\">\r\n\t\t\t<li class=\"sh-list-item\">\r\n\t\t\t<span class=\"sh-list-icon\">\r\n\t\t\t\t<i class=\"icon-phone\"><\/i>\r\n\t\t\t<\/span>\r\n\t\t\t(0261) 3480421\t\t<\/li>\r\n\t<\/ul>\r\n\r\n<ul class=\"sh-list sh-list-style1\" id=\"list-b0bcd6c888dcb3db136be3b1f28fd09c\">\r\n\t\t\t<li class=\"sh-list-item\">\r\n\t\t\t<span class=\"sh-list-icon\">\r\n\t\t\t\t<i class=\"ti-email\"><\/i>\r\n\t\t\t<\/span>\r\n\t\t\tconsultas_discapacidad@osep.mendoza.gov.ar\t\t<\/li>\r\n\t\t\t<li class=\"sh-list-item\">\r\n\t\t\t<span class=\"sh-list-icon\">\r\n\t\t\t\t<i class=\"ti-email\"><\/i>\r\n\t\t\t<\/span>\r\n\t\t\tdiscapacidad_osep@osep.mendoza.gov.ar\t\t<\/li>\r\n\t<\/ul>\r\n\t<\/div>\r\n\r\n\r\n\t\t\r\n\r\n<\/div>\r\n<\/div>\n\n\t<\/div>\r\n<\/section>\r\n\r\n<section class=\"sh-section sh-section-11952b1bf63d0bb8f5d9c8c07533feb1 fw-main-row sh-section-visibility-everywhere\">\r\n\t\r\n\t\r\n\t<div class=\"sh-section-container container\">\r\n\t\t<div class=\"fw-row\">\n\t\r\n<div class=\"sh-column sh-column-2be6ee00392a834d777996ec3a118ea4 fw-col-xs-12 news\" >\r\n\r\n\t\r\n\t<div class=\"sh-column-wrapper\">\r\n\t\t\r\n<div id=\"text-block-bfba8583eadd64474dcfbcb52281ea4c\" class=\"sh-text-block\">\r\n\t<p><img loading=\"lazy\" decoding=\"async\" class=\"wp-image-429 aligncenter\" src=\"http:\/\/osepmendoza.com.ar\/web\/wp-content\/uploads\/2020\/05\/helposep.svg\" alt=\"ayuda\" width=\"84\" height=\"102\" \/><\/p><h2 style=\"text-align: center;\">\u00bfNecesit\u00e1s m\u00e1s ayuda?<\/h2><p style=\"text-align: center;\"><span style=\"font-size: 18px;\">Visit\u00e1 nuestra secci\u00f3n de ayuda, preguntas frecuentes y tutoriales.<\/span><\/p><\/div>\r\n\r\n<div id=\"button-c9aa4240d46fa009c60ba4a9e9074d4a\" class=\"sh-button-container  sh-button-style-1\">\r\n\t<div class=\"sh-element-margin\">\r\n\t\t<a href=\"https:\/\/osepmendoza.com.ar\/ayuda\" target=\"_blank\" class=\"sh-button sh-button-medium \">\r\n\r\n\t\t\t\r\n\t\t\t\t\t\t\t<span class=\"sh-button-text\">\r\n\t\t\t\t\tM\u00e1s ayuda\t\t\t\t<\/span>\r\n\t\t\t\r\n\t\t\t\r\n\t\t<\/a>\r\n\t\t\t<\/div>\r\n<\/div>\r\n\t<\/div>\r\n\r\n\r\n\t\t\r\n\r\n<\/div>\r\n<\/div>\n\n\t<\/div>\r\n<\/section>\n","protected":false},"excerpt":{"rendered":"<p>Discapacidad \u00bfC\u00f3mo acceder a las prestaciones de discapacidad?Para acceder a&#8230;<\/p>\n","protected":false},"author":14,"featured_media":0,"parent":1054,"menu_order":49,"comment_status":"closed","ping_status":"closed","template":"","meta":{"_acf_changed":false,"inline_featured_image":false,"_exactmetrics_skip_tracking":false,"_exactmetrics_sitenote_active":false,"_exactmetrics_sitenote_note":"","_exactmetrics_sitenote_category":0,"footnotes":"","_links_to":"","_links_to_target":""},"class_list":["post-1112","page","type-page","status-publish","hentry"],"acf":[],"yoast_head":"<!-- This site is optimized with the Yoast SEO plugin v27.5 - https:\/\/yoast.com\/product\/yoast-seo-wordpress\/ -->\n<title>Discapacidad - OSEP Mendoza<\/title>\n<meta name=\"robots\" content=\"index, follow, max-snippet:-1, max-image-preview:large, max-video-preview:-1\" \/>\n<link rel=\"canonical\" href=\"https:\/\/osepmendoza.com.ar\/web\/servicios\/discapacidad\/\" \/>\n<meta property=\"og:locale\" content=\"es_ES\" \/>\n<meta property=\"og:type\" content=\"article\" \/>\n<meta property=\"og:title\" content=\"Discapacidad - OSEP Mendoza\" \/>\n<meta property=\"og:description\" content=\"Discapacidad \u00bfC\u00f3mo acceder a las prestaciones de discapacidad?Para acceder a...\" \/>\n<meta property=\"og:url\" content=\"https:\/\/osepmendoza.com.ar\/web\/servicios\/discapacidad\/\" \/>\n<meta property=\"og:site_name\" content=\"OSEP Mendoza\" \/>\n<meta property=\"article:publisher\" content=\"https:\/\/www.facebook.com\/OSEP.MendozaArg\/\" \/>\n<meta property=\"article:modified_time\" content=\"2021-04-21T14:27:08+00:00\" \/>\n<meta property=\"og:image\" content=\"http:\/\/osepmendoza.com.ar\/web\/wp-content\/uploads\/2020\/05\/tt1.svg\" \/>\n<meta name=\"twitter:card\" content=\"summary_large_image\" \/>\n<meta name=\"twitter:site\" content=\"@OsepMza\" \/>\n<meta name=\"twitter:label1\" content=\"Tiempo de lectura\" \/>\n\t<meta name=\"twitter:data1\" content=\"1 minuto\" \/>\n<script type=\"application\/ld+json\" class=\"yoast-schema-graph\">{\"@context\":\"https:\\\/\\\/schema.org\",\"@graph\":[{\"@type\":\"WebPage\",\"@id\":\"https:\\\/\\\/osepmendoza.com.ar\\\/web\\\/servicios\\\/discapacidad\\\/\",\"url\":\"https:\\\/\\\/osepmendoza.com.ar\\\/web\\\/servicios\\\/discapacidad\\\/\",\"name\":\"Discapacidad - OSEP Mendoza\",\"isPartOf\":{\"@id\":\"https:\\\/\\\/osepmendoza.com.ar\\\/web\\\/#website\"},\"primaryImageOfPage\":{\"@id\":\"https:\\\/\\\/osepmendoza.com.ar\\\/web\\\/servicios\\\/discapacidad\\\/#primaryimage\"},\"image\":{\"@id\":\"https:\\\/\\\/osepmendoza.com.ar\\\/web\\\/servicios\\\/discapacidad\\\/#primaryimage\"},\"thumbnailUrl\":\"http:\\\/\\\/osepmendoza.com.ar\\\/web\\\/wp-content\\\/uploads\\\/2020\\\/05\\\/tt1.svg\",\"datePublished\":\"2020-05-18T14:39:16+00:00\",\"dateModified\":\"2021-04-21T14:27:08+00:00\",\"breadcrumb\":{\"@id\":\"https:\\\/\\\/osepmendoza.com.ar\\\/web\\\/servicios\\\/discapacidad\\\/#breadcrumb\"},\"inLanguage\":\"es\",\"potentialAction\":[{\"@type\":\"ReadAction\",\"target\":[\"https:\\\/\\\/osepmendoza.com.ar\\\/web\\\/servicios\\\/discapacidad\\\/\"]}]},{\"@type\":\"ImageObject\",\"inLanguage\":\"es\",\"@id\":\"https:\\\/\\\/osepmendoza.com.ar\\\/web\\\/servicios\\\/discapacidad\\\/#primaryimage\",\"url\":\"https:\\\/\\\/osepmendoza.com.ar\\\/web\\\/wp-content\\\/uploads\\\/2020\\\/05\\\/tt1.svg\",\"contentUrl\":\"https:\\\/\\\/osepmendoza.com.ar\\\/web\\\/wp-content\\\/uploads\\\/2020\\\/05\\\/tt1.svg\",\"width\":85,\"height\":85},{\"@type\":\"BreadcrumbList\",\"@id\":\"https:\\\/\\\/osepmendoza.com.ar\\\/web\\\/servicios\\\/discapacidad\\\/#breadcrumb\",\"itemListElement\":[{\"@type\":\"ListItem\",\"position\":1,\"name\":\"Portada\",\"item\":\"https:\\\/\\\/osepmendoza.com.ar\\\/web\\\/\"},{\"@type\":\"ListItem\",\"position\":2,\"name\":\"Servicios\",\"item\":\"https:\\\/\\\/osepmendoza.com.ar\\\/web\\\/servicios\\\/\"},{\"@type\":\"ListItem\",\"position\":3,\"name\":\"Discapacidad\"}]},{\"@type\":\"WebSite\",\"@id\":\"https:\\\/\\\/osepmendoza.com.ar\\\/web\\\/#website\",\"url\":\"https:\\\/\\\/osepmendoza.com.ar\\\/web\\\/\",\"name\":\"OSEP Mendoza\",\"description\":\"Obra Social de los Empleados P\u00fablicos de Mendoza\",\"publisher\":{\"@id\":\"https:\\\/\\\/osepmendoza.com.ar\\\/web\\\/#organization\"},\"potentialAction\":[{\"@type\":\"SearchAction\",\"target\":{\"@type\":\"EntryPoint\",\"urlTemplate\":\"https:\\\/\\\/osepmendoza.com.ar\\\/web\\\/?s={search_term_string}\"},\"query-input\":{\"@type\":\"PropertyValueSpecification\",\"valueRequired\":true,\"valueName\":\"search_term_string\"}}],\"inLanguage\":\"es\"},{\"@type\":\"Organization\",\"@id\":\"https:\\\/\\\/osepmendoza.com.ar\\\/web\\\/#organization\",\"name\":\"OSEP - Obra Social de Empleados P\u00fablicos de Mendoza\",\"url\":\"https:\\\/\\\/osepmendoza.com.ar\\\/web\\\/\",\"logo\":{\"@type\":\"ImageObject\",\"inLanguage\":\"es\",\"@id\":\"https:\\\/\\\/osepmendoza.com.ar\\\/web\\\/#\\\/schema\\\/logo\\\/image\\\/\",\"url\":\"https:\\\/\\\/osepmendoza.com.ar\\\/web\\\/wp-content\\\/uploads\\\/2020\\\/04\\\/lkTM9T9z.jpg\",\"contentUrl\":\"https:\\\/\\\/osepmendoza.com.ar\\\/web\\\/wp-content\\\/uploads\\\/2020\\\/04\\\/lkTM9T9z.jpg\",\"width\":334,\"height\":334,\"caption\":\"OSEP - Obra Social de Empleados P\u00fablicos de Mendoza\"},\"image\":{\"@id\":\"https:\\\/\\\/osepmendoza.com.ar\\\/web\\\/#\\\/schema\\\/logo\\\/image\\\/\"},\"sameAs\":[\"https:\\\/\\\/www.facebook.com\\\/OSEP.MendozaArg\\\/\",\"https:\\\/\\\/x.com\\\/OsepMza\",\"https:\\\/\\\/www.instagram.com\\\/osep.mendoza\\\/\",\"https:\\\/\\\/www.youtube.com\\\/user\\\/osepvideos\"]}]}<\/script>\n<!-- \/ Yoast SEO plugin. -->","yoast_head_json":{"title":"Discapacidad - OSEP Mendoza","robots":{"index":"index","follow":"follow","max-snippet":"max-snippet:-1","max-image-preview":"max-image-preview:large","max-video-preview":"max-video-preview:-1"},"canonical":"https:\/\/osepmendoza.com.ar\/web\/servicios\/discapacidad\/","og_locale":"es_ES","og_type":"article","og_title":"Discapacidad - OSEP Mendoza","og_description":"Discapacidad \u00bfC\u00f3mo acceder a las prestaciones de discapacidad?Para acceder a...","og_url":"https:\/\/osepmendoza.com.ar\/web\/servicios\/discapacidad\/","og_site_name":"OSEP Mendoza","article_publisher":"https:\/\/www.facebook.com\/OSEP.MendozaArg\/","article_modified_time":"2021-04-21T14:27:08+00:00","og_image":[{"url":"http:\/\/osepmendoza.com.ar\/web\/wp-content\/uploads\/2020\/05\/tt1.svg","type":"","width":"","height":""}],"twitter_card":"summary_large_image","twitter_site":"@OsepMza","twitter_misc":{"Tiempo de lectura":"1 minuto"},"schema":{"@context":"https:\/\/schema.org","@graph":[{"@type":"WebPage","@id":"https:\/\/osepmendoza.com.ar\/web\/servicios\/discapacidad\/","url":"https:\/\/osepmendoza.com.ar\/web\/servicios\/discapacidad\/","name":"Discapacidad - OSEP Mendoza","isPartOf":{"@id":"https:\/\/osepmendoza.com.ar\/web\/#website"},"primaryImageOfPage":{"@id":"https:\/\/osepmendoza.com.ar\/web\/servicios\/discapacidad\/#primaryimage"},"image":{"@id":"https:\/\/osepmendoza.com.ar\/web\/servicios\/discapacidad\/#primaryimage"},"thumbnailUrl":"http:\/\/osepmendoza.com.ar\/web\/wp-content\/uploads\/2020\/05\/tt1.svg","datePublished":"2020-05-18T14:39:16+00:00","dateModified":"2021-04-21T14:27:08+00:00","breadcrumb":{"@id":"https:\/\/osepmendoza.com.ar\/web\/servicios\/discapacidad\/#breadcrumb"},"inLanguage":"es","potentialAction":[{"@type":"ReadAction","target":["https:\/\/osepmendoza.com.ar\/web\/servicios\/discapacidad\/"]}]},{"@type":"ImageObject","inLanguage":"es","@id":"https:\/\/osepmendoza.com.ar\/web\/servicios\/discapacidad\/#primaryimage","url":"https:\/\/osepmendoza.com.ar\/web\/wp-content\/uploads\/2020\/05\/tt1.svg","contentUrl":"https:\/\/osepmendoza.com.ar\/web\/wp-content\/uploads\/2020\/05\/tt1.svg","width":85,"height":85},{"@type":"BreadcrumbList","@id":"https:\/\/osepmendoza.com.ar\/web\/servicios\/discapacidad\/#breadcrumb","itemListElement":[{"@type":"ListItem","position":1,"name":"Portada","item":"https:\/\/osepmendoza.com.ar\/web\/"},{"@type":"ListItem","position":2,"name":"Servicios","item":"https:\/\/osepmendoza.com.ar\/web\/servicios\/"},{"@type":"ListItem","position":3,"name":"Discapacidad"}]},{"@type":"WebSite","@id":"https:\/\/osepmendoza.com.ar\/web\/#website","url":"https:\/\/osepmendoza.com.ar\/web\/","name":"OSEP Mendoza","description":"Obra Social de los Empleados P\u00fablicos de Mendoza","publisher":{"@id":"https:\/\/osepmendoza.com.ar\/web\/#organization"},"potentialAction":[{"@type":"SearchAction","target":{"@type":"EntryPoint","urlTemplate":"https:\/\/osepmendoza.com.ar\/web\/?s={search_term_string}"},"query-input":{"@type":"PropertyValueSpecification","valueRequired":true,"valueName":"search_term_string"}}],"inLanguage":"es"},{"@type":"Organization","@id":"https:\/\/osepmendoza.com.ar\/web\/#organization","name":"OSEP - Obra Social de Empleados P\u00fablicos de Mendoza","url":"https:\/\/osepmendoza.com.ar\/web\/","logo":{"@type":"ImageObject","inLanguage":"es","@id":"https:\/\/osepmendoza.com.ar\/web\/#\/schema\/logo\/image\/","url":"https:\/\/osepmendoza.com.ar\/web\/wp-content\/uploads\/2020\/04\/lkTM9T9z.jpg","contentUrl":"https:\/\/osepmendoza.com.ar\/web\/wp-content\/uploads\/2020\/04\/lkTM9T9z.jpg","width":334,"height":334,"caption":"OSEP - Obra Social de Empleados P\u00fablicos de Mendoza"},"image":{"@id":"https:\/\/osepmendoza.com.ar\/web\/#\/schema\/logo\/image\/"},"sameAs":["https:\/\/www.facebook.com\/OSEP.MendozaArg\/","https:\/\/x.com\/OsepMza","https:\/\/www.instagram.com\/osep.mendoza\/","https:\/\/www.youtube.com\/user\/osepvideos"]}]}},"amp_enabled":true,"_links":{"self":[{"href":"https:\/\/osepmendoza.com.ar\/web\/wp-json\/wp\/v2\/pages\/1112","targetHints":{"allow":["GET"]}}],"collection":[{"href":"https:\/\/osepmendoza.com.ar\/web\/wp-json\/wp\/v2\/pages"}],"about":[{"href":"https:\/\/osepmendoza.com.ar\/web\/wp-json\/wp\/v2\/types\/page"}],"author":[{"embeddable":true,"href":"https:\/\/osepmendoza.com.ar\/web\/wp-json\/wp\/v2\/users\/14"}],"replies":[{"embeddable":true,"href":"https:\/\/osepmendoza.com.ar\/web\/wp-json\/wp\/v2\/comments?post=1112"}],"version-history":[{"count":4,"href":"https:\/\/osepmendoza.com.ar\/web\/wp-json\/wp\/v2\/pages\/1112\/revisions"}],"predecessor-version":[{"id":43589,"href":"https:\/\/osepmendoza.com.ar\/web\/wp-json\/wp\/v2\/pages\/1112\/revisions\/43589"}],"up":[{"embeddable":true,"href":"https:\/\/osepmendoza.com.ar\/web\/wp-json\/wp\/v2\/pages\/1054"}],"wp:attachment":[{"href":"https:\/\/osepmendoza.com.ar\/web\/wp-json\/wp\/v2\/media?parent=1112"}],"curies":[{"name":"wp","href":"https:\/\/api.w.org\/{rel}","templated":true}]}}