{"id":58777,"date":"2025-09-10T09:41:17","date_gmt":"2025-09-10T12:41:17","guid":{"rendered":"https:\/\/osepmendoza.com.ar\/web\/?post_type=destino&#038;p=58777"},"modified":"2026-02-02T10:33:05","modified_gmt":"2026-02-02T13:33:05","slug":"paquete-villa-gesell-2025-2026-hotel-don-carlos","status":"publish","type":"destino","link":"https:\/\/osepmendoza.com.ar\/web\/destino\/paquete-villa-gesell-2025-2026-hotel-don-carlos\/","title":{"rendered":"PAQUETE VILLA GESELL Febrero 2026 \u2013 Hotel Don Carlos 3*"},"content":{"rendered":"<p align=\"center\"><strong><span style=\"color: #000000;\"><span style=\"font-size: x-large;\">PAQUETE <\/span><\/span><\/strong><strong><span style=\"color: #000000;\"><span style=\"font-size: x-large;\">GESELL<\/span><\/span><\/strong><\/p>\n<p align=\"center\"><strong><span style=\"color: #000000;\"><span style=\"font-size: x-large;\">10 \u2600\ufe0f 7 \ud83c\udf1c<\/span><\/span><\/strong><\/p>\n<p><strong><span style=\"color: #000000;\"><span style=\"font-size: x-large;\">Incluye:<\/span><\/span><\/strong><\/p>\n<p><span style=\"color: #000000;\">\ud83d\ude8c <span style=\"font-size: large;\">Bus El Rayo-Semicama<\/span><\/span><\/p>\n<p><span style=\"color: #000000;\">\ud83c\udf75<span style=\"font-size: large;\">Desayuno a bordo<\/span><\/span><\/p>\n<p><span style=\"color: #000000;\">\ud83c\udfe8 <\/span><span style=\"color: #000000;\"><span style=\"font-size: large;\">Hotel <\/span><\/span><span style=\"color: #000000;\"><span style=\"font-size: large;\">Don Carlos 3* <\/span><\/span> <span style=\"color: #000000;\"><span style=\"font-size: large;\">&#8211; Avenida 3 y Paseo 102. <\/span><\/span><\/p>\n<p><span style=\"color: #000000;\">\ud83c\udf75<span style=\"font-size: large;\">Desayuno <\/span><span style=\"font-size: large;\">Buffet<\/span><\/span><\/p>\n<p><span style=\"color: #000000;\">\ud83c\udfca\u200d\u2640\ufe0f Piscina\u00a0 Climatizada<\/span><\/p>\n<p><span style=\"color: #000000;\">\ud83d\ude4b\ud83c\udffb\u200d\u2642\ufe0f<span style=\"font-size: large;\">Coordinador durante el viaje<\/span><\/span><\/p>\n<p><span style=\"color: #000000;\">\ud83d\udea8 <span style=\"font-size: large;\">Asistencia al viajero<\/span><\/span><\/p>\n<p>&nbsp;<\/p>\n<p><strong>\ud83c\udfe8\u00a0 <span style=\"color: #ff6600;\">Hotel Don Carlos 3*<\/span><\/strong><span style=\"color: #000000;\"> &#8211; Avenida 3 y Paseo 102\u00b7<\/span><\/p>\n<p><span style=\"color: #000000;\">Ubicaci\u00f3n: en pleno centro a 200 mts de las playas, en el inicio de la peatonal.<\/span><br \/>\n<span style=\"color: #000000;\">\u00b7 Servicios: Desayuno Buffet, Wifi, Ascensor<\/span><br \/>\n<span style=\"color: #000000;\">\u00b7 Habitaciones: Room Service, Caja de Seguridad, Sommier, Frigobar, Ventilador de Techo, Smart TV.<\/span><\/p>\n<p>&nbsp;<\/p>\n<p><span style=\"font-size: 18px;\"><strong><span style=\"color: #000000;\">Tarifas por persona<\/span><\/strong><\/span><\/p>\n<p><span style=\"color: #000000; font-size: 18px;\">Tarifas por pasajero en base: Doble-Triple. Single: adicionar 50%<\/span><\/p>\n<p style=\"text-align: center;\"><span style=\"color: #ff0000;\">No incluye traslado terminal de \u00f3mnibus de Villa Gesell al hotel y viceversa<\/span><\/p>\n<p>&nbsp;<\/p>\n<table width=\"527\" cellspacing=\"0\" cellpadding=\"2\">\n<thead>\n<tr>\n<td width=\"167\">\n<p align=\"center\"><span style=\"color: #000000;\"><strong><span style=\"font-size: small;\">Salidas desde MENDOZA\u00a0 2026<\/span><\/strong><\/span><\/p>\n<\/td>\n<td width=\"136\">\n<p align=\"center\"><span style=\"color: #000000;\"><strong><span style=\"font-size: small;\">Forma de pago<\/span><\/strong><\/span><\/p>\n<\/td>\n<td width=\"212\">\n<p align=\"center\"><span style=\"color: #000000;\"><strong><span style=\"font-size: small;\">Tarifa por persona en base doble y triple<\/span><\/strong><\/span><\/p>\n<\/td>\n<\/tr>\n<tr>\n<td rowspan=\"2\" width=\"167\">\n<p align=\"center\"><span style=\"color: #ff0000;\"><strong><span style=\"font-size: small;\">06, 13y 20\u00a0 de FEBRERO<\/span><\/strong><\/span><\/p>\n<p align=\"center\"><span style=\"color: #ff0000;\"><strong>\u00a0<\/strong><\/span><\/p>\n<\/td>\n<td width=\"136\">\n<p align=\"center\"><span style=\"color: #000000;\"><strong><span style=\"font-size: small;\">TRANSFERENCIA<\/span><\/strong><\/span><\/p>\n<\/td>\n<td width=\"212\">\n<p align=\"center\"><span style=\"font-size: small; color: #000000;\">$667000.-<\/span><\/p>\n<\/td>\n<\/tr>\n<tr>\n<td width=\"136\">\n<p align=\"center\"><span style=\"color: #000000;\"><strong><span style=\"font-size: small;\">TARJETA DE CR\u00c9DITO<\/span><\/strong><\/span><\/p>\n<\/td>\n<td width=\"212\">\n<p align=\"center\"><span style=\"font-size: small; color: #000000;\">$742000.-<\/span><\/p>\n<\/td>\n<\/tr>\n<\/thead>\n<\/table>\n<p><strong>\ud83c\udf7d\ufe0f <\/strong><span style=\"color: #ff6600;\"><strong>OPCIONAL:<\/strong><\/span><strong><span style=\"color: #000000;\"> 7 cenas en Restaurant La Defina y C\u00farcuma $176.800 por persona.<\/span> <\/strong><\/p>\n<p>&nbsp;<\/p>\n<ul>\n<li><span style=\"color: #000000;\"><strong>ADICIONAL BUTACA CAMA<\/strong> $64400<\/span><\/li>\n<li><span style=\"color: #000000;\"><strong>PANOR\u00c1MICAS Y CAFETERAS<\/strong> $36800<\/span><\/li>\n<li><span style=\"color: #000000;\"><strong>DOBLE PERIODO Y SIN TRANSPORTE DESCONTAR<\/strong> $100.000<\/span><\/li>\n<\/ul>\n<p>&nbsp;<\/p>\n<p><span style=\"color: #ff6600;\"><strong>HORARIOS DE EMBARQUE<\/strong><\/span><\/p>\n<p><span style=\"color: #000000;\">RUTA 7: SALIDA DE MENDOZA 15:00 \/ SAN MARTIN 15:40 \/ SAN LUIS 18:40 \/ V MERCEDES 20:40<\/span><br \/>\n<span style=\"color: #000000;\">RUTA 40: SALIDA DE MENDOZA 15:00 \/ TUNUYAN 16:40 \/ SAN RAFAEL 19:40 \/ GRAL. ALVEAR 20:40<\/span><\/p>\n<p><span style=\"color: #ff6600;\"><strong>SEGURO DE ASISTENCIA<\/strong><\/span><\/p>\n<p><span style=\"color: #000000;\">Cobertura b\u00e1sica m\u00e1ximo $200.000,- consulte prestaciones.<\/span><br \/>\n<span style=\"color: #000000;\">Mayores a partir de 76 a\u00f1os: adicionar $3500.<\/span><\/p>\n<p><span style=\"color: #000000;\">Menores hasta 2 a\u00f1os inclusive: adicionar $ 8.000 &#8211;<\/span><\/p>\n<p><span style=\"color: #ff6600;\"><strong>NO INCLUYE:<\/strong><\/span><\/p>\n<p><span style=\"color: #000000;\">Comidas en viaje. bebidas en las comidas .Traslado Terminal de \u00f3mnibus al hotel y viceversa.No incluye propinas de maleteros.<\/span><\/p>\n<p>&nbsp;<\/p>\n<p><span style=\"color: #ff6600;\"><strong>POL\u00cdTICA DE MENORES<\/strong><\/span> <span style=\"color: #000000;\">(compartiendo habitaci\u00f3n por lo menos con 2 adultos)<\/span><br \/>\n<span style=\"color: #000000;\">Menores de hasta 2 a\u00f1os inclusive: Viajar\u00e1n sin cargo, sin servicio deben pagar seguro $8000.- netos.<\/span><\/p>\n<p>&nbsp;<\/p>\n<p><strong><span style=\"color: #ff0000;\"><span style=\"font-size: xx-large;\">IMPORTANTE \u2013 EQUIPAJE \ud83e\uddf3<\/span><\/span><\/strong><\/p>\n<p><span style=\"color: #000000;\">\u2714\ufe0f <\/span><span style=\"color: #000000;\"><span style=\"font-size: large;\">Incluye sin cargo por pasajero:<\/span><\/span><br \/>\n<span style=\"color: #000000;\"><span style=\"font-size: large;\">* 1 Valija (Hasta 15 kg)<\/span><\/span><br \/>\n<span style=\"color: #000000;\"><span style=\"font-size: large;\">* 1 Mochila<\/span><\/span><\/p>\n<p><span style=\"color: #000000;\">\u274c <\/span><span style=\"color: #000000;\"><span style=\"font-size: large;\">No se considera equipaje:<\/span><\/span><br \/>\n<span style=\"color: #000000;\">\ud83d\udeb2 <\/span><span style=\"color: #000000;\"><span style=\"font-size: large;\">Bicicletas | \ud83d\udc76 Coche de beb\u00e9 | \ud83d\uded2 Carros | \ud83e\uddca Conservadora<\/span><\/span><br \/>\n<span style=\"color: #000000;\">\ud83e\ude91 <\/span><span style=\"color: #000000;\"><span style=\"font-size: large;\">Reposera | \ud83c\udfc4 Tabla de surf | \u26f1\ufe0f Sombrilla<\/span><\/span><\/p>\n<p>&nbsp;<\/p>\n<p><span style=\"color: #000000;\"><strong>TARIFAS SUJETAS A MODIFICACI\u00d3N SIN PREVIO AVISO HASTA EL MOMENTO DE CONFIRMAR LA RESERVA.<\/strong><\/span><\/p>\n<p><span style=\"color: #000000;\"><strong>Salida grupal sujeta a conformaci\u00f3n del grupo<\/strong><\/span><\/p>\n<p>&nbsp;<\/p>\n<p>&nbsp;<\/p>\n<p><span style=\"color: #ff0000;\"><strong>TARIFAS SUJETAS A MODIFICACI\u00d3N SIN PREVIO AVISO HASTA EL MOMENTO DE CONFIRMAR LA RESERVA.<\/strong><\/span><\/p>\n<p><strong>Salida grupal sujeta a conformaci\u00f3n del grupo<\/strong><\/p>\n<p>Desistimiento y Reprogramaci\u00f3n Si el pasajero desistiera del tour, el operador podr\u00e1 exigir el pago de los siguientes porcentajes del total contratado, en concepto de indemnizaci\u00f3n: 15 % del total convenido si el desistimiento se produce con una anticipaci\u00f3n mayor de 15 d\u00edas. 50 % del total convenido si el desistimiento se produce con una anticipaci\u00f3n de 7 a 14 d\u00edas. 100 % si se produce con una anticipaci\u00f3n menor de 7 d\u00edas. En el caso que el pasajero quiera reprogramar el tour contratado se tomara los mismos porcentajes que el desistimiento, m\u00e1s el adicional del 3,5 % en concepto de gastos administrativos. A efectos de computar los d\u00edas de anticipaci\u00f3n se considerar\u00e1 la fecha de salida fijada para cada pasajero como de inicio del tour respectivo. R\u00e9gimen de retenciones por desistimiento de viaje sujeto a condiciones legales ley Nacional de Turismo N\u00b0 18.829.<br \/>\nDocumentaci\u00f3n:<br \/>\nEs de exclusiva responsabilidad del pasajero presentar DNI o cualquier otra documentaci\u00f3n necesaria para viajes nacionales e internacionales.<br \/>\nEl Operador no ser\u00e1 responsable por los inconvenientes que sufrieran los pasajeros que carezcan de dicha documentaci\u00f3n; Los mismos deber\u00e1n estar vigentes y en perfecto estado de conservaci\u00f3n.<br \/>\nEn caso de que el pasajero no pudiera viajar por lo anteriormente mencionado, se aplicar\u00e1n las cl\u00e1usulas de desistimiento.<br \/>\n\u2013 Equipaje para transporte terrestre (BUS): El equipaje permitido por persona es una (1) valija mediana hasta 15 kg \u00f3 una (1) valija grande cada dos, mas un bolso de mano. En caso de que el pasajero exceda esta pol\u00edtica, tendr\u00e1 que despachar el equipaje a su cargo por otros medios .<br \/>\nNo est\u00e1 permitido llevar reposeras, sombrillas, conservadoras o elementos similares.<br \/>\nUsted queda debidamente notificado.<\/p>\n<p><a href=\"https:\/\/hoteldoncarlos.com.ar\/\">https:\/\/hoteldoncarlos.com.ar\/<\/a><\/p>\n<p><iframe loading=\"lazy\" style=\"border: 0;\" src=\"https:\/\/www.google.com\/maps\/embed?pb=!1m18!1m12!1m3!1d3175.7466188967787!2d-56.966590499999995!3d-37.2537188!2m3!1f0!2f0!3f0!3m2!1i1024!2i768!4f13.1!3m3!1m2!1s0x959b60f592e99413%3A0x1fb71014654fc4a2!2sHotel%20Don%20Carlos!5e0!3m2!1ses-419!2sar!4v1761321311693!5m2!1ses-419!2sar\" width=\"600\" height=\"450\" allowfullscreen=\"allowfullscreen\"><\/iframe><\/p>\n<p>7\/11\/2025<\/p>\n","protected":false},"featured_media":54473,"template":"","meta":{"_acf_changed":false,"inline_featured_image":false,"_exactmetrics_skip_tracking":false,"_exactmetrics_sitenote_active":false,"_exactmetrics_sitenote_note":"","_exactmetrics_sitenote_category":0,"_links_to":"","_links_to_target":""},"zona":[21,1744,25,2053,2126,1963,1730],"region":[],"class_list":["post-58777","destino","type-destino","status-publish","has-post-thumbnail","hentry","zona-costa-atlantica","zona-paquetes","zona-promociones","zona-vacaciones-de-invierno","zona-vacaciones-de-verano","zona-verano-2024","zona-villa-gesell"],"acf":[],"yoast_head":"<!-- This site is optimized with the Yoast SEO plugin v27.4 - https:\/\/yoast.com\/product\/yoast-seo-wordpress\/ -->\n<title>PAQUETE VILLA GESELL Febrero 2026 \u2013 Hotel Don Carlos 3* - OSEP Mendoza<\/title>\n<meta name=\"robots\" content=\"index, follow, max-snippet:-1, max-image-preview:large, max-video-preview:-1\" \/>\n<link rel=\"canonical\" href=\"https:\/\/osepmendoza.com.ar\/web\/destino\/paquete-villa-gesell-2025-2026-hotel-don-carlos\/\" \/>\n<meta property=\"og:locale\" content=\"es_ES\" \/>\n<meta property=\"og:type\" content=\"article\" \/>\n<meta property=\"og:title\" content=\"PAQUETE VILLA GESELL Febrero 2026 \u2013 Hotel Don Carlos 3* - OSEP Mendoza\" \/>\n<meta property=\"og:description\" content=\"PAQUETE GESELL 10 \u2600\ufe0f 7 \ud83c\udf1c Incluye: \ud83d\ude8c Bus El...\" \/>\n<meta property=\"og:url\" content=\"https:\/\/osepmendoza.com.ar\/web\/destino\/paquete-villa-gesell-2025-2026-hotel-don-carlos\/\" \/>\n<meta property=\"og:site_name\" content=\"OSEP Mendoza\" \/>\n<meta property=\"article:publisher\" content=\"https:\/\/www.facebook.com\/OSEP.MendozaArg\/\" \/>\n<meta property=\"article:modified_time\" content=\"2026-02-02T13:33:05+00:00\" \/>\n<meta property=\"og:image\" content=\"https:\/\/osepmendoza.com.ar\/web\/wp-content\/uploads\/2024\/08\/las-golondrinas.jpg\" \/>\n\t<meta property=\"og:image:width\" content=\"720\" \/>\n\t<meta property=\"og:image:height\" content=\"540\" \/>\n\t<meta property=\"og:image:type\" content=\"image\/jpeg\" \/>\n<meta name=\"twitter:card\" content=\"summary_large_image\" \/>\n<meta name=\"twitter:site\" content=\"@OsepMza\" \/>\n<meta name=\"twitter:label1\" content=\"Tiempo de lectura\" \/>\n\t<meta name=\"twitter:data1\" content=\"4 minutos\" \/>\n<script type=\"application\/ld+json\" class=\"yoast-schema-graph\">{\"@context\":\"https:\\\/\\\/schema.org\",\"@graph\":[{\"@type\":\"WebPage\",\"@id\":\"https:\\\/\\\/osepmendoza.com.ar\\\/web\\\/destino\\\/paquete-villa-gesell-2025-2026-hotel-don-carlos\\\/\",\"url\":\"https:\\\/\\\/osepmendoza.com.ar\\\/web\\\/destino\\\/paquete-villa-gesell-2025-2026-hotel-don-carlos\\\/\",\"name\":\"PAQUETE VILLA GESELL Febrero 2026 \u2013 Hotel Don Carlos 3* - OSEP Mendoza\",\"isPartOf\":{\"@id\":\"https:\\\/\\\/osepmendoza.com.ar\\\/web\\\/#website\"},\"primaryImageOfPage\":{\"@id\":\"https:\\\/\\\/osepmendoza.com.ar\\\/web\\\/destino\\\/paquete-villa-gesell-2025-2026-hotel-don-carlos\\\/#primaryimage\"},\"image\":{\"@id\":\"https:\\\/\\\/osepmendoza.com.ar\\\/web\\\/destino\\\/paquete-villa-gesell-2025-2026-hotel-don-carlos\\\/#primaryimage\"},\"thumbnailUrl\":\"https:\\\/\\\/osepmendoza.com.ar\\\/web\\\/wp-content\\\/uploads\\\/2024\\\/08\\\/las-golondrinas.jpg\",\"datePublished\":\"2025-09-10T12:41:17+00:00\",\"dateModified\":\"2026-02-02T13:33:05+00:00\",\"breadcrumb\":{\"@id\":\"https:\\\/\\\/osepmendoza.com.ar\\\/web\\\/destino\\\/paquete-villa-gesell-2025-2026-hotel-don-carlos\\\/#breadcrumb\"},\"inLanguage\":\"es\",\"potentialAction\":[{\"@type\":\"ReadAction\",\"target\":[\"https:\\\/\\\/osepmendoza.com.ar\\\/web\\\/destino\\\/paquete-villa-gesell-2025-2026-hotel-don-carlos\\\/\"]}]},{\"@type\":\"ImageObject\",\"inLanguage\":\"es\",\"@id\":\"https:\\\/\\\/osepmendoza.com.ar\\\/web\\\/destino\\\/paquete-villa-gesell-2025-2026-hotel-don-carlos\\\/#primaryimage\",\"url\":\"https:\\\/\\\/osepmendoza.com.ar\\\/web\\\/wp-content\\\/uploads\\\/2024\\\/08\\\/las-golondrinas.jpg\",\"contentUrl\":\"https:\\\/\\\/osepmendoza.com.ar\\\/web\\\/wp-content\\\/uploads\\\/2024\\\/08\\\/las-golondrinas.jpg\",\"width\":720,\"height\":540},{\"@type\":\"BreadcrumbList\",\"@id\":\"https:\\\/\\\/osepmendoza.com.ar\\\/web\\\/destino\\\/paquete-villa-gesell-2025-2026-hotel-don-carlos\\\/#breadcrumb\",\"itemListElement\":[{\"@type\":\"ListItem\",\"position\":1,\"name\":\"Portada\",\"item\":\"https:\\\/\\\/osepmendoza.com.ar\\\/web\\\/\"},{\"@type\":\"ListItem\",\"position\":2,\"name\":\"Destinos\",\"item\":\"https:\\\/\\\/osepmendoza.com.ar\\\/web\\\/destinos\\\/\"},{\"@type\":\"ListItem\",\"position\":3,\"name\":\"PAQUETE VILLA GESELL Febrero 2026 \u2013 Hotel Don Carlos 3*\"}]},{\"@type\":\"WebSite\",\"@id\":\"https:\\\/\\\/osepmendoza.com.ar\\\/web\\\/#website\",\"url\":\"https:\\\/\\\/osepmendoza.com.ar\\\/web\\\/\",\"name\":\"OSEP Mendoza\",\"description\":\"Obra Social de los Empleados P\u00fablicos de Mendoza\",\"publisher\":{\"@id\":\"https:\\\/\\\/osepmendoza.com.ar\\\/web\\\/#organization\"},\"potentialAction\":[{\"@type\":\"SearchAction\",\"target\":{\"@type\":\"EntryPoint\",\"urlTemplate\":\"https:\\\/\\\/osepmendoza.com.ar\\\/web\\\/?s={search_term_string}\"},\"query-input\":{\"@type\":\"PropertyValueSpecification\",\"valueRequired\":true,\"valueName\":\"search_term_string\"}}],\"inLanguage\":\"es\"},{\"@type\":\"Organization\",\"@id\":\"https:\\\/\\\/osepmendoza.com.ar\\\/web\\\/#organization\",\"name\":\"OSEP - Obra Social de Empleados P\u00fablicos de Mendoza\",\"url\":\"https:\\\/\\\/osepmendoza.com.ar\\\/web\\\/\",\"logo\":{\"@type\":\"ImageObject\",\"inLanguage\":\"es\",\"@id\":\"https:\\\/\\\/osepmendoza.com.ar\\\/web\\\/#\\\/schema\\\/logo\\\/image\\\/\",\"url\":\"https:\\\/\\\/osepmendoza.com.ar\\\/web\\\/wp-content\\\/uploads\\\/2020\\\/04\\\/lkTM9T9z.jpg\",\"contentUrl\":\"https:\\\/\\\/osepmendoza.com.ar\\\/web\\\/wp-content\\\/uploads\\\/2020\\\/04\\\/lkTM9T9z.jpg\",\"width\":334,\"height\":334,\"caption\":\"OSEP - Obra Social de Empleados P\u00fablicos de Mendoza\"},\"image\":{\"@id\":\"https:\\\/\\\/osepmendoza.com.ar\\\/web\\\/#\\\/schema\\\/logo\\\/image\\\/\"},\"sameAs\":[\"https:\\\/\\\/www.facebook.com\\\/OSEP.MendozaArg\\\/\",\"https:\\\/\\\/x.com\\\/OsepMza\",\"https:\\\/\\\/www.instagram.com\\\/osep.mendoza\\\/\",\"https:\\\/\\\/www.youtube.com\\\/user\\\/osepvideos\"]}]}<\/script>\n<!-- \/ Yoast SEO plugin. -->","yoast_head_json":{"title":"PAQUETE VILLA GESELL Febrero 2026 \u2013 Hotel Don Carlos 3* - OSEP Mendoza","robots":{"index":"index","follow":"follow","max-snippet":"max-snippet:-1","max-image-preview":"max-image-preview:large","max-video-preview":"max-video-preview:-1"},"canonical":"https:\/\/osepmendoza.com.ar\/web\/destino\/paquete-villa-gesell-2025-2026-hotel-don-carlos\/","og_locale":"es_ES","og_type":"article","og_title":"PAQUETE VILLA GESELL Febrero 2026 \u2013 Hotel Don Carlos 3* - OSEP Mendoza","og_description":"PAQUETE GESELL 10 \u2600\ufe0f 7 \ud83c\udf1c Incluye: \ud83d\ude8c Bus El...","og_url":"https:\/\/osepmendoza.com.ar\/web\/destino\/paquete-villa-gesell-2025-2026-hotel-don-carlos\/","og_site_name":"OSEP Mendoza","article_publisher":"https:\/\/www.facebook.com\/OSEP.MendozaArg\/","article_modified_time":"2026-02-02T13:33:05+00:00","og_image":[{"width":720,"height":540,"url":"https:\/\/osepmendoza.com.ar\/web\/wp-content\/uploads\/2024\/08\/las-golondrinas.jpg","type":"image\/jpeg"}],"twitter_card":"summary_large_image","twitter_site":"@OsepMza","twitter_misc":{"Tiempo de lectura":"4 minutos"},"schema":{"@context":"https:\/\/schema.org","@graph":[{"@type":"WebPage","@id":"https:\/\/osepmendoza.com.ar\/web\/destino\/paquete-villa-gesell-2025-2026-hotel-don-carlos\/","url":"https:\/\/osepmendoza.com.ar\/web\/destino\/paquete-villa-gesell-2025-2026-hotel-don-carlos\/","name":"PAQUETE VILLA GESELL Febrero 2026 \u2013 Hotel Don Carlos 3* - OSEP Mendoza","isPartOf":{"@id":"https:\/\/osepmendoza.com.ar\/web\/#website"},"primaryImageOfPage":{"@id":"https:\/\/osepmendoza.com.ar\/web\/destino\/paquete-villa-gesell-2025-2026-hotel-don-carlos\/#primaryimage"},"image":{"@id":"https:\/\/osepmendoza.com.ar\/web\/destino\/paquete-villa-gesell-2025-2026-hotel-don-carlos\/#primaryimage"},"thumbnailUrl":"https:\/\/osepmendoza.com.ar\/web\/wp-content\/uploads\/2024\/08\/las-golondrinas.jpg","datePublished":"2025-09-10T12:41:17+00:00","dateModified":"2026-02-02T13:33:05+00:00","breadcrumb":{"@id":"https:\/\/osepmendoza.com.ar\/web\/destino\/paquete-villa-gesell-2025-2026-hotel-don-carlos\/#breadcrumb"},"inLanguage":"es","potentialAction":[{"@type":"ReadAction","target":["https:\/\/osepmendoza.com.ar\/web\/destino\/paquete-villa-gesell-2025-2026-hotel-don-carlos\/"]}]},{"@type":"ImageObject","inLanguage":"es","@id":"https:\/\/osepmendoza.com.ar\/web\/destino\/paquete-villa-gesell-2025-2026-hotel-don-carlos\/#primaryimage","url":"https:\/\/osepmendoza.com.ar\/web\/wp-content\/uploads\/2024\/08\/las-golondrinas.jpg","contentUrl":"https:\/\/osepmendoza.com.ar\/web\/wp-content\/uploads\/2024\/08\/las-golondrinas.jpg","width":720,"height":540},{"@type":"BreadcrumbList","@id":"https:\/\/osepmendoza.com.ar\/web\/destino\/paquete-villa-gesell-2025-2026-hotel-don-carlos\/#breadcrumb","itemListElement":[{"@type":"ListItem","position":1,"name":"Portada","item":"https:\/\/osepmendoza.com.ar\/web\/"},{"@type":"ListItem","position":2,"name":"Destinos","item":"https:\/\/osepmendoza.com.ar\/web\/destinos\/"},{"@type":"ListItem","position":3,"name":"PAQUETE VILLA GESELL Febrero 2026 \u2013 Hotel Don Carlos 3*"}]},{"@type":"WebSite","@id":"https:\/\/osepmendoza.com.ar\/web\/#website","url":"https:\/\/osepmendoza.com.ar\/web\/","name":"OSEP Mendoza","description":"Obra Social de los Empleados P\u00fablicos de Mendoza","publisher":{"@id":"https:\/\/osepmendoza.com.ar\/web\/#organization"},"potentialAction":[{"@type":"SearchAction","target":{"@type":"EntryPoint","urlTemplate":"https:\/\/osepmendoza.com.ar\/web\/?s={search_term_string}"},"query-input":{"@type":"PropertyValueSpecification","valueRequired":true,"valueName":"search_term_string"}}],"inLanguage":"es"},{"@type":"Organization","@id":"https:\/\/osepmendoza.com.ar\/web\/#organization","name":"OSEP - Obra Social de Empleados P\u00fablicos de Mendoza","url":"https:\/\/osepmendoza.com.ar\/web\/","logo":{"@type":"ImageObject","inLanguage":"es","@id":"https:\/\/osepmendoza.com.ar\/web\/#\/schema\/logo\/image\/","url":"https:\/\/osepmendoza.com.ar\/web\/wp-content\/uploads\/2020\/04\/lkTM9T9z.jpg","contentUrl":"https:\/\/osepmendoza.com.ar\/web\/wp-content\/uploads\/2020\/04\/lkTM9T9z.jpg","width":334,"height":334,"caption":"OSEP - Obra Social de Empleados P\u00fablicos de Mendoza"},"image":{"@id":"https:\/\/osepmendoza.com.ar\/web\/#\/schema\/logo\/image\/"},"sameAs":["https:\/\/www.facebook.com\/OSEP.MendozaArg\/","https:\/\/x.com\/OsepMza","https:\/\/www.instagram.com\/osep.mendoza\/","https:\/\/www.youtube.com\/user\/osepvideos"]}]}},"amp_enabled":true,"_links":{"self":[{"href":"https:\/\/osepmendoza.com.ar\/web\/wp-json\/wp\/v2\/destino\/58777","targetHints":{"allow":["GET"]}}],"collection":[{"href":"https:\/\/osepmendoza.com.ar\/web\/wp-json\/wp\/v2\/destino"}],"about":[{"href":"https:\/\/osepmendoza.com.ar\/web\/wp-json\/wp\/v2\/types\/destino"}],"wp:featuredmedia":[{"embeddable":true,"href":"https:\/\/osepmendoza.com.ar\/web\/wp-json\/wp\/v2\/media\/54473"}],"wp:attachment":[{"href":"https:\/\/osepmendoza.com.ar\/web\/wp-json\/wp\/v2\/media?parent=58777"}],"wp:term":[{"taxonomy":"zona","embeddable":true,"href":"https:\/\/osepmendoza.com.ar\/web\/wp-json\/wp\/v2\/zona?post=58777"},{"taxonomy":"region","embeddable":true,"href":"https:\/\/osepmendoza.com.ar\/web\/wp-json\/wp\/v2\/region?post=58777"}],"curies":[{"name":"wp","href":"https:\/\/api.w.org\/{rel}","templated":true}]}}