{"id":55254,"date":"2024-10-08T12:20:55","date_gmt":"2024-10-08T15:20:55","guid":{"rendered":"https:\/\/osepmendoza.com.ar\/web\/?post_type=destino&#038;p=55254"},"modified":"2026-02-03T15:11:28","modified_gmt":"2026-02-03T18:11:28","slug":"paquete-a-las-grutas-2026-hotel-casa-blanca","status":"publish","type":"destino","link":"https:\/\/osepmendoza.com.ar\/web\/destino\/paquete-a-las-grutas-2026-hotel-casa-blanca\/","title":{"rendered":"PAQUETES A LAS GRUTAS -Febrero -2026"},"content":{"rendered":"<p align=\"center\"><span style=\"color: #000000; font-size: 24px;\"><strong>PAQUETES A LAS GRUTAS<\/strong><\/span><\/p>\n<p><span style=\"color: #000000; font-size: 16px;\"><strong>INCLUYE :<\/strong><br \/>\n<\/span><\/p>\n<p><span style=\"color: #000000; font-size: 16px;\">\ud83d\ude8c Bus El Rayo-Semicama<\/span><\/p>\n<p><span style=\"color: #000000; font-size: 16px;\">\ud83c\udf75Desayuno a bordo<\/span><\/p>\n<p><span style=\"color: #000000; font-size: 16px;\">\ud83c\udfe8\u00a0 HOTEL TORREVADO<br \/>\n<\/span><\/p>\n<p><span style=\"color: #000000; font-size: 16px;\">\ud83c\udf7d\ufe0f Media Pensi\u00f3n en el restaurante del hotel<br \/>\n<\/span><\/p>\n<p><span style=\"color: #000000; font-size: 16px;\">\ud83d\ude4b\ud83c\udffb\u200d\u2642\ufe0f Coordinador durante el viaje<\/span><\/p>\n<p>&nbsp;<\/p>\n<p>&nbsp;<\/p>\n<p>\ud83c\udfe8 <strong><span style=\"color: #ff6600;\">Hotel HOTEL TORREVADO<\/span>:<\/strong> <span style=\"color: #000000;\">Bariloche y Catriel, R8521 Las Grutas, R\u00edo Negro<strong><br \/>\n<\/strong><\/span><\/p>\n<p><span style=\"color: #000000;\">ubicado en el coraz\u00f3n de Las Grutas, a pocos pasos de las playas de aguas c\u00e1lidas que hacen famosa a la regi\u00f3n. Con Piscina<\/span><\/p>\n<p>&nbsp;<\/p>\n<p><span style=\"color: #000000; font-size: 21px;\"><strong>Tarifas por persona<\/strong><\/span><\/p>\n<p><span style=\"color: #000000; font-size: 21px;\">Tarifas por pasajero en base: Doble-Triple o Cu\u00e1druple . Single: adicionar 50%<\/span><\/p>\n<p>&nbsp;<\/p>\n<table style=\"height: 480px;\" width=\"770\" cellspacing=\"0\" cellpadding=\"2\">\n<tbody>\n<tr style=\"height: 13px;\">\n<td style=\"width: 141.25px; height: 13px;\">\n<p align=\"center\"><strong><span style=\"color: #000000;\"><span style=\"font-size: medium;\">Fechas de salida 2026<\/span><\/span><\/strong><\/p>\n<\/td>\n<td style=\"width: 165.033px; height: 13px;\">\n<p align=\"center\"><strong><span style=\"color: #000000;\">HOTELES<\/span><\/strong><\/p>\n<\/td>\n<td style=\"width: 131.05px; height: 13px;\">\n<p align=\"center\"><strong><span style=\"color: #000000;\"><span style=\"font-size: medium;\">Duraci\u00f3n<\/span><\/span><\/strong><\/p>\n<\/td>\n<td style=\"width: 126.583px; height: 13px;\">\n<p align=\"center\"><strong><span style=\"color: #000000;\"><span style=\"font-size: medium;\">Pago con transferencia<\/span><\/span><\/strong><\/p>\n<\/td>\n<td style=\"width: 174.083px; height: 13px;\">\n<p align=\"center\"><strong><span style=\"color: #000000;\"><span style=\"font-size: medium;\">Pago con tarjeta de cr\u00e9dito<\/span><\/span><\/strong><\/p>\n<\/td>\n<\/tr>\n<tr style=\"height: 112px;\">\n<td style=\"width: 141.25px; height: 112px;\">\n<p align=\"center\"><span style=\"color: #ff0000;\"><b>23 de Febrero<\/b><\/span><\/p>\n<\/td>\n<td style=\"width: 165.033px; height: 112px;\">\n<p align=\"center\"><span style=\"color: #000000;\">TORREVADO<\/span><\/p>\n<\/td>\n<td style=\"width: 131.05px; height: 112px;\">8 \ud83c\udf1e 5 \ud83c\udf1c<\/td>\n<td style=\"width: 126.583px; height: 112px;\">\n<p align=\"center\"><span style=\"color: #000000;\"><span style=\"font-size: medium;\">$662.400<\/span><\/span><\/p>\n<\/td>\n<td style=\"width: 174.083px; height: 112px;\">\n<p align=\"center\"><span style=\"color: #000000;\"><span style=\"font-size: medium;\">$739.400<\/span><\/span><\/p>\n<\/td>\n<\/tr>\n<\/tbody>\n<\/table>\n<ul>\n<li><span style=\"font-size: 16px;\"><strong><span style=\"color: #000000;\">ADICIONAL BUTACA CAMA<\/span><\/strong> <span style=\"color: #000000;\">$64400<\/span><\/span><\/li>\n<li><span style=\"font-size: 16px;\"><strong><span style=\"color: #000000;\">PANOR\u00c1MICAS Y CAFETERAS<\/span><\/strong> <span style=\"color: #000000;\">$36800<\/span><\/span><\/li>\n<li><span style=\"font-size: 16px;\"><strong><span style=\"color: #000000;\">DOBLE PERIODO Y SIN TRANSPORTE DESCONTAR<\/span><\/strong> <span style=\"color: #000000;\">$100.000<\/span><\/span><\/li>\n<\/ul>\n<p><span style=\"color: #ff6600; font-size: 16px;\"><strong><br \/>\nMEDIA PENSION<br \/>\n<\/strong><span style=\"color: #000000;\">Cenas en restaurante del hotel Casablanca &#8211; MENU FIJO &#8211; No incluye bebidas<\/span><\/span><\/p>\n<p>HORARIOS DE EMBARQUE<\/p>\n<p><span style=\"color: #000000; font-size: 16px;\">ruta 7: salida de mendoza 15:00 \/ san martin 15:40 \/ san luis 18:40 \/ v mercedes 20:40<\/span><br \/>\n<span style=\"color: #000000; font-size: 16px;\">ruta 40: salida de mendoza 15:00 \/ tunuyan 16:40 \/ san rafael 19:40 \/ gral. alvear 20:40<\/span><\/p>\n<p><span style=\"color: #ff6600; font-size: 16px;\"><strong>NO INCLUYE:<\/strong><\/span><br \/>\n<span style=\"color: #000000; font-size: 16px;\">Comidas en viaje.Bebidas en las cenas.No incluye propinas de maleteros<\/span><\/p>\n<p><span style=\"color: #000000; font-size: 16px;\"><span style=\"color: #ff6600;\"><strong>POL\u00cdTICA DE MENORES<\/strong><\/span> (compartiendo habitaci\u00f3n por lo menos con 2 adultos)<\/span><br \/>\n<span style=\"color: #000000; font-size: 16px;\">Menores de hasta 3 a\u00f1os inclusive:Viajaran sin cargo,sin servicio .4 a\u00f1os en adelante .Se considera tarifa completa<\/span><\/p>\n<p>&nbsp;<\/p>\n<p><strong><span style=\"color: #ff0000;\"><span style=\"font-size: xx-large;\">IMPORTANTE \u2013 EQUIPAJE \ud83e\uddf3<\/span><\/span><\/strong><\/p>\n<p><span style=\"color: #000000;\">\u2714\ufe0f <\/span><span style=\"color: #000000;\"><span style=\"font-size: large;\">Incluye sin cargo por pasajero:<\/span><\/span><br \/>\n<span style=\"color: #000000;\"><span style=\"font-size: large;\">* 1 Valija (Hasta 15 kg)<\/span><\/span><br \/>\n<span style=\"color: #000000;\"><span style=\"font-size: large;\">* 1 Mochila<\/span><\/span><\/p>\n<p><span style=\"color: #000000;\">\u274c <\/span><span style=\"color: #000000;\"><span style=\"font-size: large;\">No se considera equipaje:<\/span><\/span><br \/>\n<span style=\"color: #000000;\">\ud83d\udeb2 <\/span><span style=\"color: #000000;\"><span style=\"font-size: large;\">Bicicletas | \ud83d\udc76 Coche de beb\u00e9 | \ud83d\uded2 Carros | \ud83e\uddca Conservadora<\/span><\/span><br \/>\n<span style=\"color: #000000;\">\ud83e\ude91 <\/span><span style=\"color: #000000;\"><span style=\"font-size: large;\">Reposera | \ud83c\udfc4 Tabla de surf | \u26f1\ufe0f Sombrilla<\/span><\/span><\/p>\n<p>&nbsp;<\/p>\n<p><span style=\"color: #000000; font-size: 16px;\"><strong>TARIFAS SUJETAS A MODIFICACI\u00d3N SIN PREVIO AVISO HASTA EL MOMENTO DE CONFIRMAR LA RESERVA.<\/strong><\/span><\/p>\n<p>&nbsp;<\/p>\n<p><span style=\"color: #000000; font-size: 16px;\"><strong>Salida grupal sujeta a conformaci\u00f3n del grupo<\/strong><\/span><\/p>\n<p><span style=\"color: #000000;\">Desistimiento y Reprogramaci\u00f3n Si el pasajero desistiera del tour, el operador podr\u00e1 exigir el pago de los siguientes porcentajes del total contratado, en concepto de indemnizaci\u00f3n: 15 % del total convenido si el desistimiento se produce con una anticipaci\u00f3n mayor de 15 d\u00edas. 50 % del total convenido si el desistimiento se produce con una anticipaci\u00f3n de 7 a 14 d\u00edas. 100 % si se produce con una anticipaci\u00f3n menor de 7 d\u00edas. En el caso que el pasajero quiera reprogramar el tour contratado se tomara los mismos porcentajes que el desistimiento, m\u00e1s el adicional del 3,5 % en concepto de gastos administrativos. A efectos de computar los d\u00edas de anticipaci\u00f3n se considerar\u00e1 la fecha de salida fijada para cada pasajero como de inicio del tour respectivo. R\u00e9gimen de retenciones por desistimiento de viaje sujeto a condiciones legales ley Nacional de Turismo N\u00b0 18.829.<\/span><br \/>\n<span style=\"color: #000000;\">Documentaci\u00f3n:<\/span><br \/>\n<span style=\"color: #000000;\">Es de exclusiva responsabilidad del pasajero presentar DNI o cualquier otra documentaci\u00f3n necesaria para viajes nacionales e internacionales.<\/span><br \/>\n<span style=\"color: #000000;\">El Operador no ser\u00e1 responsable por los inconvenientes que sufrieran los pasajeros que carezcan de dicha documentaci\u00f3n; Los mismos deber\u00e1n estar vigentes y en perfecto estado de conservaci\u00f3n.<\/span><br \/>\n<span style=\"color: #000000;\">En caso de que el pasajero no pudiera viajar por lo anteriormente mencionado, se aplicar\u00e1n las cl\u00e1usulas de desistimiento.<\/span><br \/>\n<span style=\"color: #000000;\">\u2013 Equipaje para transporte terrestre (BUS): El equipaje permitido por persona es una (1) valija mediana hasta 15 kg \u00f3 una (1) valija grande cada dos, mas un bolso de mano. En caso de que el pasajero exceda esta pol\u00edtica, tendr\u00e1 que despachar el equipaje a su cargo por otros medios .<\/span><br \/>\n<span style=\"color: #000000;\">No est\u00e1 permitido llevar reposeras, sombrillas, conservadoras o elementos similares.<\/span><br \/>\n<span style=\"color: #000000;\">Usted queda debidamente notificado.<\/span><\/p>\n<p>&nbsp;<\/p>\n<p><a href=\"https:\/\/hoteltorrevado.com.ar\/\">https:\/\/hoteltorrevado.com.ar\/<\/a><\/p>\n<p><iframe loading=\"lazy\" style=\"border: 0;\" src=\"https:\/\/www.google.com\/maps\/embed?pb=!1m18!1m12!1m3!1d3019.9193055022834!2d-65.0851141!3d-40.807767!2m3!1f0!2f0!3f0!3m2!1i1024!2i768!4f13.1!3m3!1m2!1s0x95fa332f9f04143b%3A0x7a9124cbb7294c6e!2sTorre%20Vado%20Hotel!5e0!3m2!1ses-419!2sar!4v1762356684150!5m2!1ses-419!2sar\" width=\"600\" height=\"450\" allowfullscreen=\"allowfullscreen\"><\/iframe><br \/>\n25\/09\/25<\/p>\n","protected":false},"featured_media":58847,"template":"","meta":{"_acf_changed":false,"inline_featured_image":false,"_exactmetrics_skip_tracking":false,"_exactmetrics_sitenote_active":false,"_exactmetrics_sitenote_note":"","_exactmetrics_sitenote_category":0,"_links_to":"","_links_to_target":""},"zona":[21,1744,25,28,2053,2126,1963],"region":[],"class_list":["post-55254","destino","type-destino","status-publish","has-post-thumbnail","hentry","zona-costa-atlantica","zona-paquetes","zona-promociones","zona-patagonia","zona-vacaciones-de-invierno","zona-vacaciones-de-verano","zona-verano-2024"],"acf":[],"yoast_head":"<!-- This site is optimized with the Yoast SEO plugin v27.4 - https:\/\/yoast.com\/product\/yoast-seo-wordpress\/ -->\n<title>PAQUETES A LAS GRUTAS -Febrero -2026 - OSEP Mendoza<\/title>\n<meta name=\"robots\" content=\"index, follow, max-snippet:-1, max-image-preview:large, max-video-preview:-1\" \/>\n<link rel=\"canonical\" href=\"https:\/\/osepmendoza.com.ar\/web\/destino\/paquete-a-las-grutas-2026-hotel-casa-blanca\/\" \/>\n<meta property=\"og:locale\" content=\"es_ES\" \/>\n<meta property=\"og:type\" content=\"article\" \/>\n<meta property=\"og:title\" content=\"PAQUETES A LAS GRUTAS -Febrero -2026 - OSEP Mendoza\" \/>\n<meta property=\"og:description\" content=\"PAQUETES A LAS GRUTAS INCLUYE : \ud83d\ude8c Bus El Rayo-Semicama...\" \/>\n<meta property=\"og:url\" content=\"https:\/\/osepmendoza.com.ar\/web\/destino\/paquete-a-las-grutas-2026-hotel-casa-blanca\/\" \/>\n<meta property=\"og:site_name\" content=\"OSEP Mendoza\" \/>\n<meta property=\"article:publisher\" content=\"https:\/\/www.facebook.com\/OSEP.MendozaArg\/\" \/>\n<meta property=\"article:modified_time\" content=\"2026-02-03T18:11:28+00:00\" \/>\n<meta property=\"og:image\" content=\"https:\/\/osepmendoza.com.ar\/web\/wp-content\/uploads\/2024\/10\/casa-blanca.jpeg\" \/>\n\t<meta property=\"og:image:width\" content=\"300\" \/>\n\t<meta property=\"og:image:height\" content=\"225\" \/>\n\t<meta property=\"og:image:type\" content=\"image\/jpeg\" \/>\n<meta name=\"twitter:card\" content=\"summary_large_image\" \/>\n<meta name=\"twitter:site\" content=\"@OsepMza\" \/>\n<meta name=\"twitter:label1\" content=\"Tiempo de lectura\" \/>\n\t<meta name=\"twitter:data1\" content=\"3 minutos\" \/>\n<script type=\"application\/ld+json\" class=\"yoast-schema-graph\">{\"@context\":\"https:\\\/\\\/schema.org\",\"@graph\":[{\"@type\":\"WebPage\",\"@id\":\"https:\\\/\\\/osepmendoza.com.ar\\\/web\\\/destino\\\/paquete-a-las-grutas-2026-hotel-casa-blanca\\\/\",\"url\":\"https:\\\/\\\/osepmendoza.com.ar\\\/web\\\/destino\\\/paquete-a-las-grutas-2026-hotel-casa-blanca\\\/\",\"name\":\"PAQUETES A LAS GRUTAS -Febrero -2026 - OSEP Mendoza\",\"isPartOf\":{\"@id\":\"https:\\\/\\\/osepmendoza.com.ar\\\/web\\\/#website\"},\"primaryImageOfPage\":{\"@id\":\"https:\\\/\\\/osepmendoza.com.ar\\\/web\\\/destino\\\/paquete-a-las-grutas-2026-hotel-casa-blanca\\\/#primaryimage\"},\"image\":{\"@id\":\"https:\\\/\\\/osepmendoza.com.ar\\\/web\\\/destino\\\/paquete-a-las-grutas-2026-hotel-casa-blanca\\\/#primaryimage\"},\"thumbnailUrl\":\"https:\\\/\\\/osepmendoza.com.ar\\\/web\\\/wp-content\\\/uploads\\\/2024\\\/10\\\/casa-blanca.jpeg\",\"datePublished\":\"2024-10-08T15:20:55+00:00\",\"dateModified\":\"2026-02-03T18:11:28+00:00\",\"breadcrumb\":{\"@id\":\"https:\\\/\\\/osepmendoza.com.ar\\\/web\\\/destino\\\/paquete-a-las-grutas-2026-hotel-casa-blanca\\\/#breadcrumb\"},\"inLanguage\":\"es\",\"potentialAction\":[{\"@type\":\"ReadAction\",\"target\":[\"https:\\\/\\\/osepmendoza.com.ar\\\/web\\\/destino\\\/paquete-a-las-grutas-2026-hotel-casa-blanca\\\/\"]}]},{\"@type\":\"ImageObject\",\"inLanguage\":\"es\",\"@id\":\"https:\\\/\\\/osepmendoza.com.ar\\\/web\\\/destino\\\/paquete-a-las-grutas-2026-hotel-casa-blanca\\\/#primaryimage\",\"url\":\"https:\\\/\\\/osepmendoza.com.ar\\\/web\\\/wp-content\\\/uploads\\\/2024\\\/10\\\/casa-blanca.jpeg\",\"contentUrl\":\"https:\\\/\\\/osepmendoza.com.ar\\\/web\\\/wp-content\\\/uploads\\\/2024\\\/10\\\/casa-blanca.jpeg\",\"width\":300,\"height\":225},{\"@type\":\"BreadcrumbList\",\"@id\":\"https:\\\/\\\/osepmendoza.com.ar\\\/web\\\/destino\\\/paquete-a-las-grutas-2026-hotel-casa-blanca\\\/#breadcrumb\",\"itemListElement\":[{\"@type\":\"ListItem\",\"position\":1,\"name\":\"Portada\",\"item\":\"https:\\\/\\\/osepmendoza.com.ar\\\/web\\\/\"},{\"@type\":\"ListItem\",\"position\":2,\"name\":\"Destinos\",\"item\":\"https:\\\/\\\/osepmendoza.com.ar\\\/web\\\/destinos\\\/\"},{\"@type\":\"ListItem\",\"position\":3,\"name\":\"PAQUETES A LAS GRUTAS -Febrero -2026\"}]},{\"@type\":\"WebSite\",\"@id\":\"https:\\\/\\\/osepmendoza.com.ar\\\/web\\\/#website\",\"url\":\"https:\\\/\\\/osepmendoza.com.ar\\\/web\\\/\",\"name\":\"OSEP Mendoza\",\"description\":\"Obra Social de los Empleados P\u00fablicos de Mendoza\",\"publisher\":{\"@id\":\"https:\\\/\\\/osepmendoza.com.ar\\\/web\\\/#organization\"},\"potentialAction\":[{\"@type\":\"SearchAction\",\"target\":{\"@type\":\"EntryPoint\",\"urlTemplate\":\"https:\\\/\\\/osepmendoza.com.ar\\\/web\\\/?s={search_term_string}\"},\"query-input\":{\"@type\":\"PropertyValueSpecification\",\"valueRequired\":true,\"valueName\":\"search_term_string\"}}],\"inLanguage\":\"es\"},{\"@type\":\"Organization\",\"@id\":\"https:\\\/\\\/osepmendoza.com.ar\\\/web\\\/#organization\",\"name\":\"OSEP - Obra Social de Empleados P\u00fablicos de Mendoza\",\"url\":\"https:\\\/\\\/osepmendoza.com.ar\\\/web\\\/\",\"logo\":{\"@type\":\"ImageObject\",\"inLanguage\":\"es\",\"@id\":\"https:\\\/\\\/osepmendoza.com.ar\\\/web\\\/#\\\/schema\\\/logo\\\/image\\\/\",\"url\":\"https:\\\/\\\/osepmendoza.com.ar\\\/web\\\/wp-content\\\/uploads\\\/2020\\\/04\\\/lkTM9T9z.jpg\",\"contentUrl\":\"https:\\\/\\\/osepmendoza.com.ar\\\/web\\\/wp-content\\\/uploads\\\/2020\\\/04\\\/lkTM9T9z.jpg\",\"width\":334,\"height\":334,\"caption\":\"OSEP - Obra Social de Empleados P\u00fablicos de Mendoza\"},\"image\":{\"@id\":\"https:\\\/\\\/osepmendoza.com.ar\\\/web\\\/#\\\/schema\\\/logo\\\/image\\\/\"},\"sameAs\":[\"https:\\\/\\\/www.facebook.com\\\/OSEP.MendozaArg\\\/\",\"https:\\\/\\\/x.com\\\/OsepMza\",\"https:\\\/\\\/www.instagram.com\\\/osep.mendoza\\\/\",\"https:\\\/\\\/www.youtube.com\\\/user\\\/osepvideos\"]}]}<\/script>\n<!-- \/ Yoast SEO plugin. -->","yoast_head_json":{"title":"PAQUETES A LAS GRUTAS -Febrero -2026 - OSEP Mendoza","robots":{"index":"index","follow":"follow","max-snippet":"max-snippet:-1","max-image-preview":"max-image-preview:large","max-video-preview":"max-video-preview:-1"},"canonical":"https:\/\/osepmendoza.com.ar\/web\/destino\/paquete-a-las-grutas-2026-hotel-casa-blanca\/","og_locale":"es_ES","og_type":"article","og_title":"PAQUETES A LAS GRUTAS -Febrero -2026 - OSEP Mendoza","og_description":"PAQUETES A LAS GRUTAS INCLUYE : \ud83d\ude8c Bus El Rayo-Semicama...","og_url":"https:\/\/osepmendoza.com.ar\/web\/destino\/paquete-a-las-grutas-2026-hotel-casa-blanca\/","og_site_name":"OSEP Mendoza","article_publisher":"https:\/\/www.facebook.com\/OSEP.MendozaArg\/","article_modified_time":"2026-02-03T18:11:28+00:00","og_image":[{"width":300,"height":225,"url":"https:\/\/osepmendoza.com.ar\/web\/wp-content\/uploads\/2024\/10\/casa-blanca.jpeg","type":"image\/jpeg"}],"twitter_card":"summary_large_image","twitter_site":"@OsepMza","twitter_misc":{"Tiempo de lectura":"3 minutos"},"schema":{"@context":"https:\/\/schema.org","@graph":[{"@type":"WebPage","@id":"https:\/\/osepmendoza.com.ar\/web\/destino\/paquete-a-las-grutas-2026-hotel-casa-blanca\/","url":"https:\/\/osepmendoza.com.ar\/web\/destino\/paquete-a-las-grutas-2026-hotel-casa-blanca\/","name":"PAQUETES A LAS GRUTAS -Febrero -2026 - OSEP Mendoza","isPartOf":{"@id":"https:\/\/osepmendoza.com.ar\/web\/#website"},"primaryImageOfPage":{"@id":"https:\/\/osepmendoza.com.ar\/web\/destino\/paquete-a-las-grutas-2026-hotel-casa-blanca\/#primaryimage"},"image":{"@id":"https:\/\/osepmendoza.com.ar\/web\/destino\/paquete-a-las-grutas-2026-hotel-casa-blanca\/#primaryimage"},"thumbnailUrl":"https:\/\/osepmendoza.com.ar\/web\/wp-content\/uploads\/2024\/10\/casa-blanca.jpeg","datePublished":"2024-10-08T15:20:55+00:00","dateModified":"2026-02-03T18:11:28+00:00","breadcrumb":{"@id":"https:\/\/osepmendoza.com.ar\/web\/destino\/paquete-a-las-grutas-2026-hotel-casa-blanca\/#breadcrumb"},"inLanguage":"es","potentialAction":[{"@type":"ReadAction","target":["https:\/\/osepmendoza.com.ar\/web\/destino\/paquete-a-las-grutas-2026-hotel-casa-blanca\/"]}]},{"@type":"ImageObject","inLanguage":"es","@id":"https:\/\/osepmendoza.com.ar\/web\/destino\/paquete-a-las-grutas-2026-hotel-casa-blanca\/#primaryimage","url":"https:\/\/osepmendoza.com.ar\/web\/wp-content\/uploads\/2024\/10\/casa-blanca.jpeg","contentUrl":"https:\/\/osepmendoza.com.ar\/web\/wp-content\/uploads\/2024\/10\/casa-blanca.jpeg","width":300,"height":225},{"@type":"BreadcrumbList","@id":"https:\/\/osepmendoza.com.ar\/web\/destino\/paquete-a-las-grutas-2026-hotel-casa-blanca\/#breadcrumb","itemListElement":[{"@type":"ListItem","position":1,"name":"Portada","item":"https:\/\/osepmendoza.com.ar\/web\/"},{"@type":"ListItem","position":2,"name":"Destinos","item":"https:\/\/osepmendoza.com.ar\/web\/destinos\/"},{"@type":"ListItem","position":3,"name":"PAQUETES A LAS GRUTAS -Febrero -2026"}]},{"@type":"WebSite","@id":"https:\/\/osepmendoza.com.ar\/web\/#website","url":"https:\/\/osepmendoza.com.ar\/web\/","name":"OSEP Mendoza","description":"Obra Social de los Empleados P\u00fablicos de Mendoza","publisher":{"@id":"https:\/\/osepmendoza.com.ar\/web\/#organization"},"potentialAction":[{"@type":"SearchAction","target":{"@type":"EntryPoint","urlTemplate":"https:\/\/osepmendoza.com.ar\/web\/?s={search_term_string}"},"query-input":{"@type":"PropertyValueSpecification","valueRequired":true,"valueName":"search_term_string"}}],"inLanguage":"es"},{"@type":"Organization","@id":"https:\/\/osepmendoza.com.ar\/web\/#organization","name":"OSEP - Obra Social de Empleados P\u00fablicos de Mendoza","url":"https:\/\/osepmendoza.com.ar\/web\/","logo":{"@type":"ImageObject","inLanguage":"es","@id":"https:\/\/osepmendoza.com.ar\/web\/#\/schema\/logo\/image\/","url":"https:\/\/osepmendoza.com.ar\/web\/wp-content\/uploads\/2020\/04\/lkTM9T9z.jpg","contentUrl":"https:\/\/osepmendoza.com.ar\/web\/wp-content\/uploads\/2020\/04\/lkTM9T9z.jpg","width":334,"height":334,"caption":"OSEP - Obra Social de Empleados P\u00fablicos de Mendoza"},"image":{"@id":"https:\/\/osepmendoza.com.ar\/web\/#\/schema\/logo\/image\/"},"sameAs":["https:\/\/www.facebook.com\/OSEP.MendozaArg\/","https:\/\/x.com\/OsepMza","https:\/\/www.instagram.com\/osep.mendoza\/","https:\/\/www.youtube.com\/user\/osepvideos"]}]}},"amp_enabled":true,"_links":{"self":[{"href":"https:\/\/osepmendoza.com.ar\/web\/wp-json\/wp\/v2\/destino\/55254","targetHints":{"allow":["GET"]}}],"collection":[{"href":"https:\/\/osepmendoza.com.ar\/web\/wp-json\/wp\/v2\/destino"}],"about":[{"href":"https:\/\/osepmendoza.com.ar\/web\/wp-json\/wp\/v2\/types\/destino"}],"wp:featuredmedia":[{"embeddable":true,"href":"https:\/\/osepmendoza.com.ar\/web\/wp-json\/wp\/v2\/media\/58847"}],"wp:attachment":[{"href":"https:\/\/osepmendoza.com.ar\/web\/wp-json\/wp\/v2\/media?parent=55254"}],"wp:term":[{"taxonomy":"zona","embeddable":true,"href":"https:\/\/osepmendoza.com.ar\/web\/wp-json\/wp\/v2\/zona?post=55254"},{"taxonomy":"region","embeddable":true,"href":"https:\/\/osepmendoza.com.ar\/web\/wp-json\/wp\/v2\/region?post=55254"}],"curies":[{"name":"wp","href":"https:\/\/api.w.org\/{rel}","templated":true}]}}