{"id":522,"date":"2018-12-05T12:29:47","date_gmt":"2018-12-05T15:29:47","guid":{"rendered":"http:\/\/138.219.42.69\/~osephost\/web\/?post_type=destino&#038;p=522"},"modified":"2026-03-20T10:08:34","modified_gmt":"2026-03-20T13:08:34","slug":"san-martin-de-los-andes-neuquen-cabanas-catalanas","status":"publish","type":"destino","link":"https:\/\/osepmendoza.com.ar\/web\/destino\/san-martin-de-los-andes-neuquen-cabanas-catalanas\/","title":{"rendered":"Caba\u00f1as Catalanas-San Martin de los Andes"},"content":{"rendered":"<p><span style=\"color: #000000; font-size: 18px;\"><span class=\"LrzXr\">Almirante Brown 351 &#8211; San Martin de los Andes &#8211; Neuqu\u00e9n.<br \/>\n<\/span><\/span><\/p>\n<p>&nbsp;<\/p>\n<p><span style=\"color: #000000; font-size: 18px;\">Ubicado a solo una cuadra del Lago L\u00e1car y a tres cuadras de la avenida principal del centro de San Mart\u00edn de los Andes, Caba\u00f1as Catalanas se encuentra en una zona tranquila y accesible para trasladarse sin transporte.<\/span><\/p>\n<p><span style=\"color: #000000; font-size: 18px;\">Tambi\u00e9n cuenta con f\u00e1cil acceso desde y hacia el cerro Chapelco y el camino de los 7 lagos que se recorren a trav\u00e9s de la RN 40.<\/span><\/p>\n<p><span style=\"color: #000000; font-size: 18px;\">Servicios incluidos:<\/span><\/p>\n<p><span style=\"color: #000000; font-size: 18px;\">Limpieza diaria, en la caba\u00f1a dejamos caf\u00e9, t\u00e9, leche en polvo, chocolate en polvo, az\u00facar, etc. Ropa blanca, 2 TV con cable en cada caba\u00f1a, equipo de m\u00fasica, microondas, cocina, horno, heladera, secador de pelo, WIFI, calefacci\u00f3n, hogar a le\u00f1a en las caba\u00f1as grandes, caja de seguridad en cada caba\u00f1a, parque con parrillas, mesas y sillas de jard\u00edn, hamacas, c\u00e1maras de seguridad, un estacionamiento por caba\u00f1a (excepto la caba\u00f1a de dos ambientes). Cuna y sillita de chicos para comer. Puerta de seguridad en las escaleras. Los chicos hasta 2 a\u00f1os no pagan.<\/span><\/p>\n<p>&nbsp;<\/p>\n<p>&nbsp;<\/p>\n<p><span style=\"font-size: 30px;\"><strong><span style=\"color: #000000;\"><span style=\"font-family: calibri, sans-serif;\">CABA\u00d1A 2 HABITACIONES<\/span><\/span><\/strong><\/span><\/p>\n<p><span style=\"color: #000000; font-size: 18px;\"><a style=\"color: #000000;\" name=\"OBJ_PREFIX_DWT96_com_zimbra_url\"><\/a> <span style=\"font-family: calibri, sans-serif;\">VER FOTOS en: <\/span><a style=\"color: #000000;\" href=\"https:\/\/photos.app.goo.gl\/UiXi7bVDq8aTe4Jh9\" target=\"_blank\" rel=\"noopener\"><span style=\"font-family: calibri, sans-serif;\">https:\/\/photos.app.goo.gl\/UiXi7bVDq8aTe4Jh9<\/span><\/a>\u00a0<\/span><\/p>\n<p><span style=\"color: #000000; font-size: 18px;\"><span style=\"font-family: calibri, sans-serif;\">Descripci\u00f3n: Caba\u00f1a distribuida en dos plantas, en planta alta tiene una habitaci\u00f3n con cama doble con somier de 1,60x2m (o dos camas de una plaza). Otra habitaci\u00f3n con 2 camas de una plaza. 2 ba\u00f1os, uno con ba\u00f1era en planta alta, en planta baja el otro ba\u00f1o con ducha. Living, con 2 camas, comedor y cocina.\u00a0 2 TV con cable, calefacci\u00f3n y hogar a le\u00f1a.<\/span><\/span><\/p>\n<p><span style=\"font-size: 24px;\"><strong><span style=\"color: #000000;\"><span style=\"font-family: calibri, sans-serif;\"><span style=\"color: #ff0000;\">(Abril- A partir del 12\/4 hasta el 28\/6) Tarifa por noche:<\/span> <\/span><\/span><\/strong><\/span><span style=\"color: #000000; font-size: 18px;\"><span style=\"font-family: calibri, sans-serif;\">AR $90.000para 2 <\/span><\/span><\/p>\n<p><span style=\"color: #000000; font-size: 18px;\"><span style=\"font-family: calibri, sans-serif;\">AR $990.00 para 3<\/span><\/span><\/p>\n<p><span style=\"color: #000000; font-size: 18px;\"><span style=\"font-family: calibri, sans-serif;\">AR $<\/span>103.500 para 4<\/span><\/p>\n<p><span style=\"color: #000000; font-size: 18px;\"><span style=\"font-family: calibri, sans-serif;\">AR $<\/span>108.000 para 5 <\/span><\/p>\n<p><span style=\"color: #000000; font-size: 18px;\"><span style=\"font-family: calibri, sans-serif;\">AR $112.500 para 6<\/span><\/span><\/p>\n<p><strong><span style=\"color: #000000; font-size: 18px;\"><span style=\"font-family: calibri, sans-serif;\"><span style=\"color: #ff00ff;\">Fin de semana largo:<\/span> <\/span><\/span><\/strong><\/p>\n<p><span style=\"color: #000000; font-size: 18px;\"><span style=\"font-family: calibri, sans-serif;\">AR $103.500 para 2 <\/span><\/span><\/p>\n<p><span style=\"color: #000000; font-size: 18px;\"><span style=\"font-family: calibri, sans-serif;\">AR $112.500 para 3<\/span><\/span><\/p>\n<p><span style=\"color: #000000; font-size: 18px;\"><span style=\"font-family: calibri, sans-serif;\">AR $117.000para 4<\/span><\/span><\/p>\n<p><span style=\"color: #000000; font-size: 18px;\"><span style=\"font-family: calibri, sans-serif;\">AR $121.500para 5<\/span><\/span><\/p>\n<p><span style=\"color: #000000; font-size: 18px;\"><span style=\"font-family: calibri, sans-serif;\">AR $ 126.000 para 6<\/span><\/span><\/p>\n<p><strong><span style=\"color: #000000; font-size: 18px;\"><span style=\"font-family: calibri, sans-serif;\"><span style=\"color: #ff00ff;\">Semana Santa- Tarifa por noche:<\/span> <\/span><\/span><\/strong><\/p>\n<ul style=\"text-align: left;\">\n<li><span style=\"color: #000000; font-size: 18px;\"><span style=\"font-family: calibri, sans-serif;\">AR $139.500 para 4<\/span><\/span><\/li>\n<li><span style=\"color: #000000; font-size: 18px;\"><span style=\"font-family: calibri, sans-serif;\">AR $ 144.000 para 5<\/span><\/span><\/li>\n<li><span style=\"color: #000000; font-size: 18px;\"><span style=\"font-family: calibri, sans-serif;\">AR $148.500 para 6<\/span><\/span><span style=\"color: #000000; font-size: 18px;\">Opcional servicio de \u00a0limpieza \u00a0AR$20.000\/$25.000.<\/span><\/li>\n<\/ul>\n<p>&nbsp;<\/p>\n<p><span style=\"color: #000000; font-size: 30px;\"><strong><span style=\"font-family: calibri, sans-serif;\">CABA\u00d1A 2 HABITACIONES FRENTE<\/span><\/strong><\/span><\/p>\n<p><span style=\"color: #000000; font-size: 18px;\"><a style=\"color: #000000;\" name=\"OBJ_PREFIX_DWT97_com_zimbra_url\"><\/a><a style=\"color: #000000;\" name=\"OBJ_PREFIX_DWT98_com_zimbra_url\"><\/a> <span style=\"font-family: calibri, sans-serif;\">VER FOTOS en:<\/span> <a style=\"color: #000000;\" href=\"https:\/\/photos.app.goo.gl\/Z1kW8FDgbVK3qVmH7\" target=\"_blank\" rel=\"noopener\"><span style=\"font-family: arial, sans-serif;\">https:\/\/photos.app.goo.gl\/Z1kW8FDgbVK3qVmH7<\/span><\/a><\/span><\/p>\n<p><span style=\"color: #000000; font-size: 18px;\"><span style=\"font-family: calibri, sans-serif;\">Descripci\u00f3n: Caba\u00f1a distribuida en dos plantas, tiene una habitaci\u00f3n amplia con cama doble somier de 1,80x2m (o dos camas de una plaza). Otra habitaci\u00f3n con 3 camas de una plaza. 2 ba\u00f1os, 1 ba\u00f1o en planta superior con hidromasaje, 1 ba\u00f1o en planta baja con ba\u00f1era, living con 2 camas, comedor-cocina, calefacci\u00f3n central y hogar a le\u00f1a. 2 TV con cable. Esta caba\u00f1a esta en el frente<\/span><\/span><\/p>\n<p><span style=\"font-size: 21px;\"><strong><span style=\"color: #000000;\"><span style=\"font-family: calibri, sans-serif;\"><span style=\"color: #ff0000;\">(Abril- A partir del 12\/4 hasta el 28\/6)<\/span> <\/span><\/span><\/strong><\/span><\/p>\n<p><span style=\"color: #000000; font-size: 18px;\"><span style=\"font-family: calibri, sans-serif;\">Tarifa por noche: <\/span><\/span><\/p>\n<p><span style=\"color: #000000; font-size: 18px;\"><a style=\"color: #000000;\" name=\"m_-4327273826801067487gmail-docs-internal-guid-1016b412-7fff-7a3f-1ac0-1e475e6bbfe1\"><\/a><span style=\"font-family: calibri, sans-serif;\">AR$130.500 para 4<\/span><\/span><\/p>\n<p><span style=\"color: #000000; font-size: 18px;\"><span style=\"font-family: calibri, sans-serif;\">AR$135.000para 5<\/span><\/span><\/p>\n<p><span style=\"color: #000000; font-size: 18px;\"><span style=\"font-family: calibri, sans-serif;\">AR$139.500 para 6<\/span><\/span><\/p>\n<p><span style=\"color: #000000; font-size: 18px;\"><span style=\"font-family: calibri, sans-serif;\">AR$144.000 para 7<\/span><\/span><\/p>\n<p><strong><span style=\"color: #000000; font-size: 18px;\"><span style=\"font-family: calibri, sans-serif;\"><span style=\"color: #ff00ff;\">Fin de semana largo<\/span> <\/span><\/span><\/strong><\/p>\n<p><span style=\"color: #000000; font-size: 18px;\"><a style=\"color: #000000;\" name=\"m_-4327273826801067487gmail-docs-internal-guid-6e8ff622-7fff-7829-fdf4-164f3d3eaca3\"><\/a><span style=\"font-family: calibri, sans-serif;\">AR$144.000para 4<\/span><\/span><\/p>\n<p><span style=\"color: #000000; font-size: 18px;\"><span style=\"font-family: calibri, sans-serif;\">AR$148.500 para 5<\/span><\/span><\/p>\n<p><span style=\"color: #000000; font-size: 18px;\"><span style=\"font-family: calibri, sans-serif;\">AR153.000 para 6<\/span><\/span><\/p>\n<p><span style=\"color: #000000; font-size: 18px;\"><span style=\"font-family: calibri, sans-serif;\">AR$157.500 para 7<\/span><\/span><\/p>\n<p><strong><span style=\"color: #ff00ff; font-size: 18px;\"><span style=\"font-family: calibri, sans-serif;\">Semana Santa- Tarifa por noche: <\/span><\/span><\/strong><\/p>\n<p><span style=\"color: #000000; font-size: 18px;\"><a style=\"color: #000000;\" name=\"m_-4327273826801067487gmail-docs-internal-guid-e492997f-7fff-9f98-cf9c-583be2355377\"><\/a><span style=\"font-family: calibri, sans-serif;\">AR $144.000para 4<\/span><\/span><\/p>\n<p><span style=\"color: #000000; font-size: 18px;\"><span style=\"font-family: calibri, sans-serif;\">AR$148.500para 5<\/span><\/span><\/p>\n<p><span style=\"color: #000000; font-size: 18px;\"><span style=\"font-family: calibri, sans-serif;\">AR$153.000 para 6<\/span><\/span><\/p>\n<p><span style=\"color: #000000; font-size: 18px;\"><span style=\"font-family: calibri, sans-serif;\">AR$157.500para 7 <\/span><\/span><\/p>\n<p>&nbsp;<\/p>\n<p><span style=\"font-size: 30px;\"><strong><span style=\"color: #000000;\">\u00a0<span style=\"font-family: calibri, sans-serif;\">CABA\u00d1A DE 3 HABITACIONES<\/span><\/span><\/strong><\/span><\/p>\n<p><span style=\"color: #000000; font-size: 18px;\"><a style=\"color: #000000;\" name=\"OBJ_PREFIX_DWT99_com_zimbra_url\"><\/a> <span style=\"font-family: calibri, sans-serif;\">VER FOTOS en: <\/span><a style=\"color: #000000;\" href=\"https:\/\/photos.app.goo.gl\/QcLoZaqMAcGEAL2s8\" target=\"_blank\" rel=\"noopener\"><span style=\"font-family: calibri, sans-serif;\">https:\/\/photos.app.goo.gl\/QcLoZaqMAcGEAL2s8<\/span><\/a><\/span><\/p>\n<p><span style=\"color: #000000; font-size: 18px;\"><span style=\"font-family: calibri, sans-serif;\">Descripci\u00f3n: Caba\u00f1a distribuida en dos plantas. En planta baja tiene una habitaci\u00f3n amplia con cama doble somier de 1,60x2m (o dos camas de una plaza) <\/span><span style=\"font-family: calibri, sans-serif;\">y ba\u00f1o con ba\u00f1era en suite. En planta superior una habitaci\u00f3n con cama doble con somier 1,60x2m.( o dos de una plaza) y otra con 2 camas de una plaza, ba\u00f1o completo con ba\u00f1era. En planta baja living con una cama, comedor \u2013 cocina, calefacci\u00f3n y hogar a le\u00f1a. 3 TV con cable.(1 Smart TV).<\/span><\/span><\/p>\n<p><span style=\"font-size: 18px;\"><strong><span style=\"color: #000000;\"><span style=\"font-family: calibri, sans-serif;\"><span style=\"color: #ff0000;\">Abril- A partir del 12\/4 hasta el 28\/6) Tarifa por noche:<\/span> <\/span><\/span><\/strong><\/span><\/p>\n<p><span style=\"color: #000000; font-size: 18px;\"><a style=\"color: #000000;\" name=\"m_-4327273826801067487gmail-docs-internal-guid-1016b412-7fff-7a3f-1ac0-1e475e6bbfe11\"><\/a> <span style=\"font-family: calibri, sans-serif;\">AR$130.500 para 4 <\/span><\/span><\/p>\n<p><span style=\"color: #000000; font-size: 18px;\"><span style=\"font-family: calibri, sans-serif;\">AR$135.000para 5<\/span><\/span><\/p>\n<p><span style=\"color: #000000; font-size: 18px;\"><span style=\"font-family: calibri, sans-serif;\">AR$139.500 para 6<\/span><\/span><\/p>\n<p><span style=\"color: #000000; font-size: 18px;\"><span style=\"font-family: calibri, sans-serif;\">AR$144.000 para 7<\/span><\/span><\/p>\n<p>&nbsp;<\/p>\n<p><strong><span style=\"color: #000000; font-size: 18px;\"><span style=\"font-family: calibri, sans-serif;\"><span style=\"color: #ff00ff;\">Fin de semana largo:<\/span> <\/span><\/span><\/strong><\/p>\n<p><span style=\"color: #000000; font-size: 18px;\"><span style=\"font-family: calibri, sans-serif;\">AR$144.000 para 4<\/span><\/span><\/p>\n<p><span style=\"color: #000000; font-size: 18px;\"><span style=\"font-family: calibri, sans-serif;\">AR$148.500 para 5<\/span><\/span><\/p>\n<p><span style=\"color: #000000; font-size: 18px;\"><span style=\"font-family: calibri, sans-serif;\">AR$153.000 para 6<\/span><\/span><\/p>\n<p><span style=\"color: #000000; font-size: 18px;\"><span style=\"font-family: calibri, sans-serif;\">AR$157.500 para 7<\/span><\/span><\/p>\n<p><strong><span style=\"color: #ff00ff; font-size: 18px;\"><span style=\"font-family: calibri, sans-serif;\">Semana Santa- Tarifa por noche:<\/span><\/span><\/strong><\/p>\n<p><span style=\"color: #000000; font-size: 18px;\"><a style=\"color: #000000;\" name=\"m_-4327273826801067487gmail-docs-internal-guid-e492997f-7fff-9f98-cf9c-583be23553771\"><\/a><span style=\"font-family: calibri, sans-serif;\">AR $144.000para 4<\/span><\/span><\/p>\n<p><span style=\"color: #000000; font-size: 18px;\"><span style=\"font-family: calibri, sans-serif;\">AR$148.500 para 5<\/span><\/span><\/p>\n<p><span style=\"color: #000000; font-size: 18px;\"><span style=\"font-family: calibri, sans-serif;\">AR$153.000 para 6<\/span><\/span><\/p>\n<p><span style=\"color: #000000; font-size: 18px;\"><span style=\"font-family: calibri, sans-serif;\">AR$<\/span><span style=\"font-family: calibri, sans-serif;\">157.500<\/span><span style=\"font-family: calibri, sans-serif;\"> para 7 <\/span><\/span><\/p>\n<p>&nbsp;<\/p>\n<p><strong><span style=\"color: #000000; font-size: 18px;\"><span style=\"font-family: calibri, sans-serif;\">Servicios :\u00a0<\/span><\/span><\/strong><\/p>\n<p><span style=\"color: #000000; font-size: 18px;\"><span style=\"font-family: calibri, sans-serif;\">Wifi en todas las caba\u00f1as, 2 TV en cada caba\u00f1a (1 Smart), en la caba\u00f1a dejamos caf\u00e9, t\u00e9, leche en polvo, chocolate en polvo, az\u00facar, etc y su reposici\u00f3n. Ropa blanca, microondas, cocina, horno, heladera, secador de pelo, calefacci\u00f3n, hogar a le\u00f1a, caja de seguridad en cada caba\u00f1a, limpieza diaria opcional, un estacionamiento por caba\u00f1a, parque con parrillas, mesas y sillas de jard\u00edn, reposeras, hamacas, c\u00e1maras de seguridad. ( incluido reposici\u00f3n de lo que necesiten, recambio de toallas y sabanas). Cuna y sillita para bebes. Puerta de seguridad en las escaleras. Los chicos hasta 2 a\u00f1os no pagan. <\/span><\/span><\/p>\n<p>&nbsp;<\/p>\n<p><span style=\"color: #000000; font-size: 18px;\">TARIFAS SUJETAS A MODIFICACI\u00d3N SIN PREVIO AVISO.<\/span><\/p>\n<p><a href=\"http:\/\/www.catalanas.com.ar\">http:\/\/www.catalanas.com.ar<\/a><\/p>\n<p><iframe loading=\"lazy\" style=\"border: 0;\" src=\"https:\/\/www.google.com\/maps\/embed?pb=!1m14!1m8!1m3!1d12196.446775992483!2d-71.3551643!3d-40.1620668!3m2!1i1024!2i768!4f13.1!3m3!1m2!1s0x0%3A0x4951c626c35795b8!2sCaba%C3%B1as+Catalanas!5e0!3m2!1ses-419!2sar!4v1565281950624!5m2!1ses-419!2sar\" width=\"400\" height=\"300\" frameborder=\"0\" allowfullscreen=\"allowfullscreen\"><\/iframe><\/p>\n<h3>Reserv\u00e1 a trav\u00e9s de nuestro asistente virtual <img loading=\"lazy\" decoding=\"async\" class=\"alignnone wp-image-49218\" src=\"https:\/\/osepmendoza.com.ar\/web\/wp-content\/uploads\/2023\/03\/Bot-OSEP-Chat-Web_16032023.png\" alt=\"\" width=\"50\" height=\"50\" \/> <a href=\"https:\/\/wa.me\/5492612058800?text=turismo\" target=\"_blank\" rel=\"noopener\">Ir a WhatsApp<\/a><\/h3>\n<p>23\/09\/25<\/p>\n","protected":false},"featured_media":523,"template":"","meta":{"_acf_changed":false,"inline_featured_image":false,"_exactmetrics_skip_tracking":false,"_exactmetrics_sitenote_active":false,"_exactmetrics_sitenote_note":"","_exactmetrics_sitenote_category":0,"_links_to":"","_links_to_target":""},"zona":[28,1963],"region":[73],"class_list":["post-522","destino","type-destino","status-publish","has-post-thumbnail","hentry","zona-patagonia","zona-verano-2024","region-san-martin-de-los-andes"],"acf":[],"yoast_head":"<!-- This site is optimized with the Yoast SEO plugin v27.4 - https:\/\/yoast.com\/product\/yoast-seo-wordpress\/ -->\n<title>Caba\u00f1as Catalanas-San Martin de los Andes - OSEP Mendoza<\/title>\n<meta name=\"robots\" content=\"index, follow, max-snippet:-1, max-image-preview:large, max-video-preview:-1\" \/>\n<link rel=\"canonical\" href=\"https:\/\/osepmendoza.com.ar\/web\/destino\/san-martin-de-los-andes-neuquen-cabanas-catalanas\/\" \/>\n<meta property=\"og:locale\" content=\"es_ES\" \/>\n<meta property=\"og:type\" content=\"article\" \/>\n<meta property=\"og:title\" content=\"Caba\u00f1as Catalanas-San Martin de los Andes - OSEP Mendoza\" \/>\n<meta property=\"og:description\" content=\"Almirante Brown 351 &#8211; San Martin de los Andes &#8211;...\" \/>\n<meta property=\"og:url\" content=\"https:\/\/osepmendoza.com.ar\/web\/destino\/san-martin-de-los-andes-neuquen-cabanas-catalanas\/\" \/>\n<meta property=\"og:site_name\" content=\"OSEP Mendoza\" \/>\n<meta property=\"article:publisher\" content=\"https:\/\/www.facebook.com\/OSEP.MendozaArg\/\" \/>\n<meta property=\"article:modified_time\" content=\"2026-03-20T13:08:34+00:00\" \/>\n<meta property=\"og:image\" content=\"https:\/\/osepmendoza.com.ar\/web\/wp-content\/uploads\/2018\/12\/catalanas-cab.jpg\" \/>\n\t<meta property=\"og:image:width\" content=\"634\" \/>\n\t<meta property=\"og:image:height\" content=\"378\" \/>\n\t<meta property=\"og:image:type\" content=\"image\/jpeg\" \/>\n<meta name=\"twitter:card\" content=\"summary_large_image\" \/>\n<meta name=\"twitter:site\" content=\"@OsepMza\" \/>\n<meta name=\"twitter:label1\" content=\"Tiempo de lectura\" \/>\n\t<meta name=\"twitter:data1\" content=\"4 minutos\" \/>\n<script type=\"application\/ld+json\" class=\"yoast-schema-graph\">{\"@context\":\"https:\\\/\\\/schema.org\",\"@graph\":[{\"@type\":\"WebPage\",\"@id\":\"https:\\\/\\\/osepmendoza.com.ar\\\/web\\\/destino\\\/san-martin-de-los-andes-neuquen-cabanas-catalanas\\\/\",\"url\":\"https:\\\/\\\/osepmendoza.com.ar\\\/web\\\/destino\\\/san-martin-de-los-andes-neuquen-cabanas-catalanas\\\/\",\"name\":\"Caba\u00f1as Catalanas-San Martin de los Andes - OSEP Mendoza\",\"isPartOf\":{\"@id\":\"https:\\\/\\\/osepmendoza.com.ar\\\/web\\\/#website\"},\"primaryImageOfPage\":{\"@id\":\"https:\\\/\\\/osepmendoza.com.ar\\\/web\\\/destino\\\/san-martin-de-los-andes-neuquen-cabanas-catalanas\\\/#primaryimage\"},\"image\":{\"@id\":\"https:\\\/\\\/osepmendoza.com.ar\\\/web\\\/destino\\\/san-martin-de-los-andes-neuquen-cabanas-catalanas\\\/#primaryimage\"},\"thumbnailUrl\":\"https:\\\/\\\/osepmendoza.com.ar\\\/web\\\/wp-content\\\/uploads\\\/2018\\\/12\\\/catalanas-cab.jpg\",\"datePublished\":\"2018-12-05T15:29:47+00:00\",\"dateModified\":\"2026-03-20T13:08:34+00:00\",\"breadcrumb\":{\"@id\":\"https:\\\/\\\/osepmendoza.com.ar\\\/web\\\/destino\\\/san-martin-de-los-andes-neuquen-cabanas-catalanas\\\/#breadcrumb\"},\"inLanguage\":\"es\",\"potentialAction\":[{\"@type\":\"ReadAction\",\"target\":[\"https:\\\/\\\/osepmendoza.com.ar\\\/web\\\/destino\\\/san-martin-de-los-andes-neuquen-cabanas-catalanas\\\/\"]}]},{\"@type\":\"ImageObject\",\"inLanguage\":\"es\",\"@id\":\"https:\\\/\\\/osepmendoza.com.ar\\\/web\\\/destino\\\/san-martin-de-los-andes-neuquen-cabanas-catalanas\\\/#primaryimage\",\"url\":\"https:\\\/\\\/osepmendoza.com.ar\\\/web\\\/wp-content\\\/uploads\\\/2018\\\/12\\\/catalanas-cab.jpg\",\"contentUrl\":\"https:\\\/\\\/osepmendoza.com.ar\\\/web\\\/wp-content\\\/uploads\\\/2018\\\/12\\\/catalanas-cab.jpg\",\"width\":634,\"height\":378},{\"@type\":\"BreadcrumbList\",\"@id\":\"https:\\\/\\\/osepmendoza.com.ar\\\/web\\\/destino\\\/san-martin-de-los-andes-neuquen-cabanas-catalanas\\\/#breadcrumb\",\"itemListElement\":[{\"@type\":\"ListItem\",\"position\":1,\"name\":\"Portada\",\"item\":\"https:\\\/\\\/osepmendoza.com.ar\\\/web\\\/\"},{\"@type\":\"ListItem\",\"position\":2,\"name\":\"Destinos\",\"item\":\"https:\\\/\\\/osepmendoza.com.ar\\\/web\\\/destinos\\\/\"},{\"@type\":\"ListItem\",\"position\":3,\"name\":\"Caba\u00f1as Catalanas-San Martin de los Andes\"}]},{\"@type\":\"WebSite\",\"@id\":\"https:\\\/\\\/osepmendoza.com.ar\\\/web\\\/#website\",\"url\":\"https:\\\/\\\/osepmendoza.com.ar\\\/web\\\/\",\"name\":\"OSEP Mendoza\",\"description\":\"Obra Social de los Empleados P\u00fablicos de Mendoza\",\"publisher\":{\"@id\":\"https:\\\/\\\/osepmendoza.com.ar\\\/web\\\/#organization\"},\"potentialAction\":[{\"@type\":\"SearchAction\",\"target\":{\"@type\":\"EntryPoint\",\"urlTemplate\":\"https:\\\/\\\/osepmendoza.com.ar\\\/web\\\/?s={search_term_string}\"},\"query-input\":{\"@type\":\"PropertyValueSpecification\",\"valueRequired\":true,\"valueName\":\"search_term_string\"}}],\"inLanguage\":\"es\"},{\"@type\":\"Organization\",\"@id\":\"https:\\\/\\\/osepmendoza.com.ar\\\/web\\\/#organization\",\"name\":\"OSEP - Obra Social de Empleados P\u00fablicos de Mendoza\",\"url\":\"https:\\\/\\\/osepmendoza.com.ar\\\/web\\\/\",\"logo\":{\"@type\":\"ImageObject\",\"inLanguage\":\"es\",\"@id\":\"https:\\\/\\\/osepmendoza.com.ar\\\/web\\\/#\\\/schema\\\/logo\\\/image\\\/\",\"url\":\"https:\\\/\\\/osepmendoza.com.ar\\\/web\\\/wp-content\\\/uploads\\\/2020\\\/04\\\/lkTM9T9z.jpg\",\"contentUrl\":\"https:\\\/\\\/osepmendoza.com.ar\\\/web\\\/wp-content\\\/uploads\\\/2020\\\/04\\\/lkTM9T9z.jpg\",\"width\":334,\"height\":334,\"caption\":\"OSEP - Obra Social de Empleados P\u00fablicos de Mendoza\"},\"image\":{\"@id\":\"https:\\\/\\\/osepmendoza.com.ar\\\/web\\\/#\\\/schema\\\/logo\\\/image\\\/\"},\"sameAs\":[\"https:\\\/\\\/www.facebook.com\\\/OSEP.MendozaArg\\\/\",\"https:\\\/\\\/x.com\\\/OsepMza\",\"https:\\\/\\\/www.instagram.com\\\/osep.mendoza\\\/\",\"https:\\\/\\\/www.youtube.com\\\/user\\\/osepvideos\"]}]}<\/script>\n<!-- \/ Yoast SEO plugin. -->","yoast_head_json":{"title":"Caba\u00f1as Catalanas-San Martin de los Andes - OSEP Mendoza","robots":{"index":"index","follow":"follow","max-snippet":"max-snippet:-1","max-image-preview":"max-image-preview:large","max-video-preview":"max-video-preview:-1"},"canonical":"https:\/\/osepmendoza.com.ar\/web\/destino\/san-martin-de-los-andes-neuquen-cabanas-catalanas\/","og_locale":"es_ES","og_type":"article","og_title":"Caba\u00f1as Catalanas-San Martin de los Andes - OSEP Mendoza","og_description":"Almirante Brown 351 &#8211; San Martin de los Andes &#8211;...","og_url":"https:\/\/osepmendoza.com.ar\/web\/destino\/san-martin-de-los-andes-neuquen-cabanas-catalanas\/","og_site_name":"OSEP Mendoza","article_publisher":"https:\/\/www.facebook.com\/OSEP.MendozaArg\/","article_modified_time":"2026-03-20T13:08:34+00:00","og_image":[{"width":634,"height":378,"url":"https:\/\/osepmendoza.com.ar\/web\/wp-content\/uploads\/2018\/12\/catalanas-cab.jpg","type":"image\/jpeg"}],"twitter_card":"summary_large_image","twitter_site":"@OsepMza","twitter_misc":{"Tiempo de lectura":"4 minutos"},"schema":{"@context":"https:\/\/schema.org","@graph":[{"@type":"WebPage","@id":"https:\/\/osepmendoza.com.ar\/web\/destino\/san-martin-de-los-andes-neuquen-cabanas-catalanas\/","url":"https:\/\/osepmendoza.com.ar\/web\/destino\/san-martin-de-los-andes-neuquen-cabanas-catalanas\/","name":"Caba\u00f1as Catalanas-San Martin de los Andes - OSEP Mendoza","isPartOf":{"@id":"https:\/\/osepmendoza.com.ar\/web\/#website"},"primaryImageOfPage":{"@id":"https:\/\/osepmendoza.com.ar\/web\/destino\/san-martin-de-los-andes-neuquen-cabanas-catalanas\/#primaryimage"},"image":{"@id":"https:\/\/osepmendoza.com.ar\/web\/destino\/san-martin-de-los-andes-neuquen-cabanas-catalanas\/#primaryimage"},"thumbnailUrl":"https:\/\/osepmendoza.com.ar\/web\/wp-content\/uploads\/2018\/12\/catalanas-cab.jpg","datePublished":"2018-12-05T15:29:47+00:00","dateModified":"2026-03-20T13:08:34+00:00","breadcrumb":{"@id":"https:\/\/osepmendoza.com.ar\/web\/destino\/san-martin-de-los-andes-neuquen-cabanas-catalanas\/#breadcrumb"},"inLanguage":"es","potentialAction":[{"@type":"ReadAction","target":["https:\/\/osepmendoza.com.ar\/web\/destino\/san-martin-de-los-andes-neuquen-cabanas-catalanas\/"]}]},{"@type":"ImageObject","inLanguage":"es","@id":"https:\/\/osepmendoza.com.ar\/web\/destino\/san-martin-de-los-andes-neuquen-cabanas-catalanas\/#primaryimage","url":"https:\/\/osepmendoza.com.ar\/web\/wp-content\/uploads\/2018\/12\/catalanas-cab.jpg","contentUrl":"https:\/\/osepmendoza.com.ar\/web\/wp-content\/uploads\/2018\/12\/catalanas-cab.jpg","width":634,"height":378},{"@type":"BreadcrumbList","@id":"https:\/\/osepmendoza.com.ar\/web\/destino\/san-martin-de-los-andes-neuquen-cabanas-catalanas\/#breadcrumb","itemListElement":[{"@type":"ListItem","position":1,"name":"Portada","item":"https:\/\/osepmendoza.com.ar\/web\/"},{"@type":"ListItem","position":2,"name":"Destinos","item":"https:\/\/osepmendoza.com.ar\/web\/destinos\/"},{"@type":"ListItem","position":3,"name":"Caba\u00f1as Catalanas-San Martin de los Andes"}]},{"@type":"WebSite","@id":"https:\/\/osepmendoza.com.ar\/web\/#website","url":"https:\/\/osepmendoza.com.ar\/web\/","name":"OSEP Mendoza","description":"Obra Social de los Empleados P\u00fablicos de Mendoza","publisher":{"@id":"https:\/\/osepmendoza.com.ar\/web\/#organization"},"potentialAction":[{"@type":"SearchAction","target":{"@type":"EntryPoint","urlTemplate":"https:\/\/osepmendoza.com.ar\/web\/?s={search_term_string}"},"query-input":{"@type":"PropertyValueSpecification","valueRequired":true,"valueName":"search_term_string"}}],"inLanguage":"es"},{"@type":"Organization","@id":"https:\/\/osepmendoza.com.ar\/web\/#organization","name":"OSEP - Obra Social de Empleados P\u00fablicos de Mendoza","url":"https:\/\/osepmendoza.com.ar\/web\/","logo":{"@type":"ImageObject","inLanguage":"es","@id":"https:\/\/osepmendoza.com.ar\/web\/#\/schema\/logo\/image\/","url":"https:\/\/osepmendoza.com.ar\/web\/wp-content\/uploads\/2020\/04\/lkTM9T9z.jpg","contentUrl":"https:\/\/osepmendoza.com.ar\/web\/wp-content\/uploads\/2020\/04\/lkTM9T9z.jpg","width":334,"height":334,"caption":"OSEP - Obra Social de Empleados P\u00fablicos de Mendoza"},"image":{"@id":"https:\/\/osepmendoza.com.ar\/web\/#\/schema\/logo\/image\/"},"sameAs":["https:\/\/www.facebook.com\/OSEP.MendozaArg\/","https:\/\/x.com\/OsepMza","https:\/\/www.instagram.com\/osep.mendoza\/","https:\/\/www.youtube.com\/user\/osepvideos"]}]}},"amp_enabled":true,"_links":{"self":[{"href":"https:\/\/osepmendoza.com.ar\/web\/wp-json\/wp\/v2\/destino\/522","targetHints":{"allow":["GET"]}}],"collection":[{"href":"https:\/\/osepmendoza.com.ar\/web\/wp-json\/wp\/v2\/destino"}],"about":[{"href":"https:\/\/osepmendoza.com.ar\/web\/wp-json\/wp\/v2\/types\/destino"}],"wp:featuredmedia":[{"embeddable":true,"href":"https:\/\/osepmendoza.com.ar\/web\/wp-json\/wp\/v2\/media\/523"}],"wp:attachment":[{"href":"https:\/\/osepmendoza.com.ar\/web\/wp-json\/wp\/v2\/media?parent=522"}],"wp:term":[{"taxonomy":"zona","embeddable":true,"href":"https:\/\/osepmendoza.com.ar\/web\/wp-json\/wp\/v2\/zona?post=522"},{"taxonomy":"region","embeddable":true,"href":"https:\/\/osepmendoza.com.ar\/web\/wp-json\/wp\/v2\/region?post=522"}],"curies":[{"name":"wp","href":"https:\/\/api.w.org\/{rel}","templated":true}]}}