{"id":52003,"date":"2023-11-28T10:21:29","date_gmt":"2023-11-28T13:21:29","guid":{"rendered":"https:\/\/osepmendoza.com.ar\/web\/?post_type=destino&#038;p=52003"},"modified":"2026-02-02T10:36:54","modified_gmt":"2026-02-02T13:36:54","slug":"paquetes-mar-del-plata-2024-hotel-valles-3-superior","status":"publish","type":"destino","link":"https:\/\/osepmendoza.com.ar\/web\/destino\/paquetes-mar-del-plata-2024-hotel-valles-3-superior\/","title":{"rendered":"PAQUETES MAR DEL PLATA Febrero 2026 \u2013 HOTEL VALLES 3* (Cua)"},"content":{"rendered":"<p align=\"center\"><span style=\"color: #000000; font-size: 24px;\"><strong>PAQUETE <\/strong><strong>MAR DEL PLATA <\/strong><\/span><\/p>\n<p align=\"center\"><span style=\"color: #000000; font-size: 24px;\"><strong>10 \u2600\ufe0f 7 \ud83c\udf1c<\/strong><\/span><\/p>\n<p><span style=\"color: #000000; font-size: 24px;\"><strong>Incluye:<\/strong><\/span><\/p>\n<p><span style=\"color: #000000; font-size: 18px;\">\ud83d\ude8c Bus El Rayo-Semicama<\/span><\/p>\n<p><span style=\"color: #000000; font-size: 18px;\">\ud83c\udf75Desayuno a bordo<\/span><\/p>\n<p><span style=\"color: #000000; font-size: 18px;\">\ud83c\udfe8 Hotel Valles 3* : \u2013 Av. LURO 2487<\/span><\/p>\n<p><span style=\"color: #000000; font-size: 18px;\">\ud83c\udf75 Desayuno buffet<br \/>\n<\/span><\/p>\n<p><span style=\"color: #000000; font-size: 18px;\">\ud83d\ude4b\ud83c\udffb\u200d\u2642\ufe0fCoordinador durante el viaje<\/span><\/p>\n<p><span style=\"color: #000000; font-size: 18px;\">\ud83d\udea8 Asistencia al viajero<\/span><\/p>\n<p>&nbsp;<\/p>\n<p><strong>\ud83c\udfe8 <\/strong><span style=\"color: #ff6600;\"><strong>Hotel Valles 3* :<\/strong><\/span> \u2013 <span style=\"color: #000000;\">Av. LURO 2487 -Ubicaci\u00f3n: en pleno microcentro de la ciudad a 4 cuadras de la playa<\/span><br \/>\n<span style=\"color: #000000;\">Servicios: Amplio Desayuno Buffet &#8211; Confortable Sala de Estar con TV por cable &#8211; Atenci\u00f3n M\u00e9dica: Urgencias las 24 hs.- Ascensores &#8211; Web Check In &#8211; Wi-Fi Sin Cargo: Acceso a Internet en todo el Hotel<\/span><br \/>\n<span style=\"color: #000000;\">Habitaciones: Aire Acondicionado &#8211; TV LCD con cable &#8211; Cerradura por tarjeta codificada \u2013 Frigobar &#8211; Tel\u00e9fono con DDI y DDN &#8211; WiFi sin cargo &#8211; Jarra el\u00e9ctrica y servicio de t\u00e9 de cortes\u00eda. &#8211; Calefacci\u00f3n central &#8211; Cajas de seguridad individuales- Secador de cabello<\/span><\/p>\n<p>&nbsp;<\/p>\n<p>&nbsp;<\/p>\n<p><span style=\"color: #000000; font-size: 18px;\"><strong>Tarifas por persona<\/strong><\/span><\/p>\n<p><span style=\"color: #000000; font-size: 18px;\">Tarifas por pasajero en base: Doble-Triple. Single: adicionar 50%<\/span><\/p>\n<table style=\"width: 717px;\" width=\"553\" cellspacing=\"0\" cellpadding=\"2\">\n<thead>\n<tr>\n<td style=\"width: 256px;\" width=\"255\">\n<p align=\"center\"><span style=\"font-size: 16px;\"><strong><span style=\"color: #000000;\">Salidas desde MENDOZA 2026<\/span><\/strong><\/span><\/p>\n<\/td>\n<td style=\"width: 196px;\" width=\"133\">\n<p align=\"center\"><span style=\"font-size: 16px;\"><strong><span style=\"color: #000000;\">\u00a0<\/span><\/strong><strong><span style=\"color: #000000;\">Forma de pago<\/span><\/strong><\/span><\/p>\n<\/td>\n<td style=\"width: 265px;\" width=\"153\">\n<p align=\"center\"><span style=\"font-size: 16px;\"><strong><span style=\"color: #000000;\">\u00a0<\/span><\/strong><strong><span style=\"color: #000000;\">base doble o triple<\/span><\/strong><\/span><\/p>\n<\/td>\n<\/tr>\n<tr>\n<td style=\"width: 256px;\" rowspan=\"2\" width=\"255\">\n<p align=\"center\"><span style=\"font-size: 16px;\"><strong><span style=\"color: #ff0000;\">8 de Febrero 2026<\/span><\/strong><\/span><\/p>\n<p align=\"center\"><span style=\"font-size: 16px;\"><strong><span style=\"color: #ff0000;\">\u00a0<\/span><\/strong><\/span><\/p>\n<\/td>\n<td style=\"width: 196px;\" width=\"133\">\n<p align=\"center\"><span style=\"color: #000000; font-size: 16px;\">Transferencia<\/span><\/p>\n<\/td>\n<td style=\"width: 265px;\" width=\"153\">\n<p align=\"center\"><span style=\"color: #000000; font-size: 16px;\">$754400.-<\/span><\/p>\n<\/td>\n<\/tr>\n<tr>\n<td style=\"width: 196px;\" width=\"133\">\n<p align=\"center\"><span style=\"color: #000000; font-size: 16px;\">Tarjeta de cr\u00e9dito<\/span><\/p>\n<\/td>\n<td style=\"width: 265px;\" width=\"153\">\n<p align=\"center\"><span style=\"color: #000000; font-size: 16px;\">$841400.-<\/span><\/p>\n<\/td>\n<\/tr>\n<tr>\n<td style=\"width: 256px;\" rowspan=\"2\" width=\"255\">\n<p align=\"center\"><span style=\"font-size: 16px;\"><strong><span style=\"color: #ff0000;\">15 de Febrero *Carnaval 2026<\/span><\/strong><\/span><\/p>\n<p align=\"center\"><span style=\"font-size: 16px;\"><strong><span style=\"color: #ff0000;\">\u00a0<\/span><\/strong><\/span><\/p>\n<\/td>\n<td style=\"width: 196px;\" width=\"133\">\n<p align=\"center\"><span style=\"color: #000000; font-size: 16px;\">Transferencia<\/span><\/p>\n<\/td>\n<td style=\"width: 265px;\" width=\"153\">\n<p align=\"center\"><span style=\"color: #000000; font-size: 16px;\">$782000.-<\/span><\/p>\n<\/td>\n<\/tr>\n<tr>\n<td style=\"width: 196px;\" width=\"133\">\n<p align=\"center\"><span style=\"color: #000000; font-size: 16px;\">Tarjeta de cr\u00e9dito<\/span><\/p>\n<\/td>\n<td style=\"width: 265px;\" width=\"153\">\n<p align=\"center\"><span style=\"color: #000000; font-size: 16px;\">$872000.-<\/span><\/p>\n<\/td>\n<\/tr>\n<tr>\n<td style=\"width: 256px;\" rowspan=\"2\" width=\"255\">\n<p align=\"center\"><span style=\"font-size: 16px;\"><strong><span style=\"color: #ff0000;\">22 de Febrero 2026<\/span><\/strong><\/span><\/p>\n<p align=\"center\"><span style=\"font-size: 16px;\"><strong><span style=\"color: #ff0000;\">\u00a0<\/span><\/strong><\/span><\/p>\n<p align=\"center\"><span style=\"font-size: 16px;\"><strong><span style=\"color: #ff0000;\">\u00a0<\/span><\/strong><\/span><\/p>\n<\/td>\n<td style=\"width: 196px;\" width=\"133\">\n<p align=\"center\"><span style=\"font-size: 16px; color: #000000;\">Transferencia<\/span><\/p>\n<\/td>\n<td style=\"width: 265px;\" width=\"153\">\n<p align=\"center\"><span style=\"color: #000000; font-size: 16px;\">$726.800<\/span><\/p>\n<\/td>\n<\/tr>\n<tr>\n<td style=\"width: 196px;\" width=\"133\">\n<p align=\"center\"><span style=\"font-size: 16px; color: #000000;\">Tarjeta de cr\u00e9dito<\/span><\/p>\n<\/td>\n<td style=\"width: 265px;\" width=\"153\">\n<p align=\"center\"><span style=\"color: #000000; font-size: 16px;\">$811.800<\/span><\/p>\n<\/td>\n<\/tr>\n<\/thead>\n<\/table>\n<p><strong><span style=\"color: #ff0000;\">\u00a0<\/span><\/strong><\/p>\n<p><span style=\"color: #000000; font-size: 18px;\"><strong>\ud83c\udf7d\ufe0f <span style=\"color: #ff6600;\">Media Pensi\u00f3n OPCIONAL:<\/span><\/strong> 7 Comidas en Restaurantes &#8220;<\/span><\/p>\n<p><span style=\"color: #000000; font-size: 18px;\">(2) MONTECATINI + (3) COCINA MAMA &#8211; (2) RAMIRO LA TROCHA&#8221;<\/span><\/p>\n<p><span style=\"color: #000000;\"><strong>TRANSFERENCIA:<\/strong><\/span> <span style=\"color: #000000;\">$200.000 POR PERSONAS<\/span><\/p>\n<p><span style=\"color: #000000;\"><strong>CON TARJETA DE CR\u00c9DITO<\/strong> : $225.000 POR PERSONAS<\/span><\/p>\n<p>&nbsp;<\/p>\n<ul>\n<li><span style=\"font-size: 18px;\"><strong><span style=\"color: #000000;\">ADICIONAL BUTACA CAMA<\/span><\/strong> <span style=\"color: #000000;\">$64400<\/span><\/span><\/li>\n<li><span style=\"font-size: 18px;\"><strong><span style=\"color: #000000;\">PANOR\u00c1MICAS Y CAFETERAS<\/span><\/strong> <span style=\"color: #000000;\">$36800<\/span><\/span><\/li>\n<li><span style=\"font-size: 18px;\"><strong><span style=\"color: #000000;\">DOBLE PERIODO Y SIN TRANSPORTE DESCONTAR<\/span><\/strong> <span style=\"color: #000000;\">$100.000<\/span><\/span><\/li>\n<\/ul>\n<p><span style=\"color: #000000; font-size: 18px;\">\u00a0<\/span><\/p>\n<p><span style=\"font-size: 18px;\"><strong><span style=\"color: #ff6600;\">HORARIOS DE EMBARQUE<\/span><\/strong><\/span><\/p>\n<p><span style=\"color: #000000; font-size: 18px;\"><br \/>\nRUTA 7: SALIDA DE MENDOZA 15:00 \/ SAN MARTIN 15:40 \/ SAN LUIS 18:40 \/ V MERCEDES 20:40<br \/>\nRUTA 40: SALIDA DE MENDOZA 15:00 \/ TUNUYAN 16:40 \/ SAN RAFAEL 19:40 \/ GRAL. ALVEAR 20:40<\/span><\/p>\n<p><span style=\"font-size: 18px;\"><strong><span style=\"color: #ff6600;\">SEGURO DE ASISTENCIA<\/span><\/strong><\/span><\/p>\n<p><span style=\"color: #000000; font-size: 18px;\">Cobertura b\u00e1sica m\u00e1ximo $200.000,- consulte prestaciones.<br \/>\nMayores a partir de 76 a\u00f1os: adicionar $3500.<\/span><\/p>\n<p><span style=\"color: #000000; font-size: 18px;\">Menores hasta 2 a\u00f1os inclusive: adicionar $ 8.000 &#8211;<\/span><\/p>\n<p><span style=\"font-size: 18px;\"><strong><span style=\"color: #ff6600;\">NO INCLUYE:<\/span><\/strong><\/span><\/p>\n<p><span style=\"color: #000000; font-size: 18px;\">Comidas en viaje. bebidas en las comidas .Traslado Terminal de \u00f3mnibus al hotel y viceversa.No incluye propinas de maleteros.<\/span><\/p>\n<p>&nbsp;<\/p>\n<p><span style=\"font-size: 18px;\"><strong><span style=\"color: #ff6600;\">POL\u00cdTICA DE MENORES<\/span><\/strong> <span style=\"color: #000000;\">(compartiendo habitaci\u00f3n por lo menos con 2 adultos)<br \/>\nMenores de hasta 2 a\u00f1os inclusive: Viajar\u00e1n sin cargo, sin servicio deben pagar seguro $8000.- netos.<\/span><\/span><\/p>\n<p>&nbsp;<\/p>\n<p><strong><span style=\"color: #ff0000;\"><span style=\"font-size: xx-large;\">IMPORTANTE \u2013 EQUIPAJE \ud83e\uddf3<\/span><\/span><\/strong><\/p>\n<p><span style=\"color: #000000;\">\u2714\ufe0f <\/span><span style=\"color: #000000;\"><span style=\"font-size: large;\">Incluye sin cargo por pasajero:<\/span><\/span><br \/>\n<span style=\"color: #000000;\"><span style=\"font-size: large;\">* 1 Valija (Hasta 15 kg)<\/span><\/span><br \/>\n<span style=\"color: #000000;\"><span style=\"font-size: large;\">* 1 Mochila<\/span><\/span><\/p>\n<p><span style=\"color: #000000;\">\u274c <\/span><span style=\"color: #000000;\"><span style=\"font-size: large;\">No se considera equipaje:<\/span><\/span><br \/>\n<span style=\"color: #000000;\">\ud83d\udeb2 <\/span><span style=\"color: #000000;\"><span style=\"font-size: large;\">Bicicletas | \ud83d\udc76 Coche de beb\u00e9 | \ud83d\uded2 Carros | \ud83e\uddca Conservadora<\/span><\/span><br \/>\n<span style=\"color: #000000;\">\ud83e\ude91 <\/span><span style=\"color: #000000;\"><span style=\"font-size: large;\">Reposera | \ud83c\udfc4 Tabla de surf | \u26f1\ufe0f Sombrilla<\/span><\/span><\/p>\n<p>&nbsp;<\/p>\n<p><span style=\"font-size: 18px;\"><strong><span style=\"color: #ff0000;\">TARIFAS SUJETAS A MODIFICACI\u00d3N SIN PREVIO AVISO HASTA EL MOMENTO DE CONFIRMAR LA RESERVA.<\/span><\/strong><\/span><\/p>\n<p><span style=\"font-size: 18px;\"><strong>Salida grupal sujeta a conformaci\u00f3n del grupo<\/strong><\/span><\/p>\n<p>&nbsp;<\/p>\n<p><span style=\"font-size: 18px;\"><strong>TARIFAS SUJETAS A MODIFICACI\u00d3N SIN PREVIO AVISO HASTA EL MOMENTO DE CONFIRMAR LA RESERVA.<\/strong><\/span><\/p>\n<p>&nbsp;<\/p>\n<p><span style=\"color: #000000;\">Documentaci\u00f3n:<\/span><br \/>\n<span style=\"color: #000000;\">Es de exclusiva responsabilidad del pasajero presentar DNI o cualquier otra documentaci\u00f3n necesaria para viajes nacionales e internacionales.<\/span><br \/>\n<span style=\"color: #000000;\">El Operador no ser\u00e1 responsable por los inconvenientes que sufrieran los pasajeros que carezcan de dicha documentaci\u00f3n; Los mismos deber\u00e1n estar vigentes y en perfecto estado de conservaci\u00f3n.<\/span><br \/>\n<span style=\"color: #000000;\">En caso de que el pasajero no pudiera viajar por lo anteriormente mencionado, se aplicar\u00e1n las cl\u00e1usulas de desistimiento.<\/span><br \/>\n<span style=\"color: #000000;\">\u2013 Equipaje para transporte terrestre (BUS): El equipaje permitido por persona es una (1) valija mediana hasta 15 kg \u00f3 una (1) valija grande cada dos, mas un bolso de mano. En caso de que el pasajero exceda esta pol\u00edtica, tendr\u00e1 que despachar el equipaje a su cargo por otros medios .<\/span><br \/>\n<span style=\"color: #000000;\">No est\u00e1 permitido llevar reposeras, sombrillas, conservadoras o elementos similares.<\/span><br \/>\n<span style=\"color: #000000;\">Usted queda debidamente notificado.<\/span><\/p>\n<p>&nbsp;<\/p>\n<p><span style=\"color: #000000;\"><strong>Pol\u00edticas de Cancelaci\u00f3n<\/strong><\/span><\/p>\n<div><span style=\"color: #000000;\">Pol\u00edticas de Cancelaci\u00f3n<\/span><br \/>\n<span style=\"color: #000000;\">El organizador se reserva el derecho de cancelar cualquiera de las salidas fijadas, cuando el n\u00famero de inscripciones no sea suficiente, pudiendo el pasajero optar por la pr\u00f3xima salida con plazas disponibles o por la devoluci\u00f3n del importe pagado, no correspondi\u00e9ndole ning\u00fan otro reintegro o indemnizaci\u00f3n por causa alguna. El organizador podr\u00e1 realizar dicha cancelaci\u00f3n, con una antelaci\u00f3n de siete d\u00edas previos a la salida.<\/span><br \/>\n<span style=\"color: #000000;\">DESISTIMIENTOSi el pasajero desistiera del tour, el organizador podr\u00e1 exigir el pago de los siguientes porcentajes del total contratado, en concepto de indemnizaci\u00f3n:15 % del total convenido si el desistimiento se produce con una anticipaci\u00f3n mayor de 15 d\u00edas<\/span><br \/>\n<span style=\"color: #000000;\">50 % del total convenido si el desistimiento se produce con una anticipaci\u00f3n de 7 a 14 d\u00edas<\/span><br \/>\n<span style=\"color: #000000;\">100 % si se produce con una anticipaci\u00f3n menor de 7 d\u00edas.<\/span><br \/>\n<span style=\"color: #000000;\">desistimiento de viaje sujeto a condiciones legales ley Nacional de Turismo N\u00b0 18.829.<\/span><\/div>\n<p><span style=\"color: #000000;\"><strong>Salida grupal sujeta a conformaci\u00f3n del grupo<\/strong><\/span><\/p>\n<p><iframe loading=\"lazy\" style=\"border: 0;\" src=\"https:\/\/www.google.com\/maps\/embed?pb=!1m14!1m8!1m3!1d12576.235480511605!2d-57.545229!3d-37.9990873!3m2!1i1024!2i768!4f13.1!3m3!1m2!1s0x9584dc1b2bbdb307%3A0x48dec285d5223abc!2sHotel%20Valles!5e0!3m2!1ses-419!2sar!4v1701178018857!5m2!1ses-419!2sar\" width=\"600\" height=\"450\" allowfullscreen=\"allowfullscreen\"><\/iframe><\/p>\n<p>10\/09\/25<\/p>\n","protected":false},"featured_media":52004,"template":"","meta":{"_acf_changed":false,"inline_featured_image":false,"_exactmetrics_skip_tracking":false,"_exactmetrics_sitenote_active":false,"_exactmetrics_sitenote_note":"","_exactmetrics_sitenote_category":0,"_links_to":"","_links_to_target":""},"zona":[21,1728,1744,2126],"region":[],"class_list":["post-52003","destino","type-destino","status-publish","has-post-thumbnail","hentry","zona-costa-atlantica","zona-mar-del-plata","zona-paquetes","zona-vacaciones-de-verano"],"acf":[],"yoast_head":"<!-- This site is optimized with the Yoast SEO plugin v27.4 - https:\/\/yoast.com\/product\/yoast-seo-wordpress\/ -->\n<title>PAQUETES MAR DEL PLATA Febrero 2026 \u2013 HOTEL VALLES 3* (Cua) - OSEP Mendoza<\/title>\n<meta name=\"robots\" content=\"index, follow, max-snippet:-1, max-image-preview:large, max-video-preview:-1\" \/>\n<link rel=\"canonical\" href=\"https:\/\/osepmendoza.com.ar\/web\/destino\/paquetes-mar-del-plata-2024-hotel-valles-3-superior\/\" \/>\n<meta property=\"og:locale\" content=\"es_ES\" \/>\n<meta property=\"og:type\" content=\"article\" \/>\n<meta property=\"og:title\" content=\"PAQUETES MAR DEL PLATA Febrero 2026 \u2013 HOTEL VALLES 3* (Cua) - OSEP Mendoza\" \/>\n<meta property=\"og:description\" content=\"PAQUETE MAR DEL PLATA 10 \u2600\ufe0f 7 \ud83c\udf1c Incluye: \ud83d\ude8c...\" \/>\n<meta property=\"og:url\" content=\"https:\/\/osepmendoza.com.ar\/web\/destino\/paquetes-mar-del-plata-2024-hotel-valles-3-superior\/\" \/>\n<meta property=\"og:site_name\" content=\"OSEP Mendoza\" \/>\n<meta property=\"article:publisher\" content=\"https:\/\/www.facebook.com\/OSEP.MendozaArg\/\" \/>\n<meta property=\"article:modified_time\" content=\"2026-02-02T13:36:54+00:00\" \/>\n<meta property=\"og:image\" content=\"https:\/\/osepmendoza.com.ar\/web\/wp-content\/uploads\/2023\/11\/htl-valles.jpg\" \/>\n\t<meta property=\"og:image:width\" content=\"480\" \/>\n\t<meta property=\"og:image:height\" content=\"480\" \/>\n\t<meta property=\"og:image:type\" content=\"image\/jpeg\" \/>\n<meta name=\"twitter:card\" content=\"summary_large_image\" \/>\n<meta name=\"twitter:site\" content=\"@OsepMza\" \/>\n<meta name=\"twitter:label1\" content=\"Tiempo de lectura\" \/>\n\t<meta name=\"twitter:data1\" content=\"4 minutos\" \/>\n<script type=\"application\/ld+json\" class=\"yoast-schema-graph\">{\"@context\":\"https:\\\/\\\/schema.org\",\"@graph\":[{\"@type\":\"WebPage\",\"@id\":\"https:\\\/\\\/osepmendoza.com.ar\\\/web\\\/destino\\\/paquetes-mar-del-plata-2024-hotel-valles-3-superior\\\/\",\"url\":\"https:\\\/\\\/osepmendoza.com.ar\\\/web\\\/destino\\\/paquetes-mar-del-plata-2024-hotel-valles-3-superior\\\/\",\"name\":\"PAQUETES MAR DEL PLATA Febrero 2026 \u2013 HOTEL VALLES 3* (Cua) - OSEP Mendoza\",\"isPartOf\":{\"@id\":\"https:\\\/\\\/osepmendoza.com.ar\\\/web\\\/#website\"},\"primaryImageOfPage\":{\"@id\":\"https:\\\/\\\/osepmendoza.com.ar\\\/web\\\/destino\\\/paquetes-mar-del-plata-2024-hotel-valles-3-superior\\\/#primaryimage\"},\"image\":{\"@id\":\"https:\\\/\\\/osepmendoza.com.ar\\\/web\\\/destino\\\/paquetes-mar-del-plata-2024-hotel-valles-3-superior\\\/#primaryimage\"},\"thumbnailUrl\":\"https:\\\/\\\/osepmendoza.com.ar\\\/web\\\/wp-content\\\/uploads\\\/2023\\\/11\\\/htl-valles.jpg\",\"datePublished\":\"2023-11-28T13:21:29+00:00\",\"dateModified\":\"2026-02-02T13:36:54+00:00\",\"breadcrumb\":{\"@id\":\"https:\\\/\\\/osepmendoza.com.ar\\\/web\\\/destino\\\/paquetes-mar-del-plata-2024-hotel-valles-3-superior\\\/#breadcrumb\"},\"inLanguage\":\"es\",\"potentialAction\":[{\"@type\":\"ReadAction\",\"target\":[\"https:\\\/\\\/osepmendoza.com.ar\\\/web\\\/destino\\\/paquetes-mar-del-plata-2024-hotel-valles-3-superior\\\/\"]}]},{\"@type\":\"ImageObject\",\"inLanguage\":\"es\",\"@id\":\"https:\\\/\\\/osepmendoza.com.ar\\\/web\\\/destino\\\/paquetes-mar-del-plata-2024-hotel-valles-3-superior\\\/#primaryimage\",\"url\":\"https:\\\/\\\/osepmendoza.com.ar\\\/web\\\/wp-content\\\/uploads\\\/2023\\\/11\\\/htl-valles.jpg\",\"contentUrl\":\"https:\\\/\\\/osepmendoza.com.ar\\\/web\\\/wp-content\\\/uploads\\\/2023\\\/11\\\/htl-valles.jpg\",\"width\":480,\"height\":480},{\"@type\":\"BreadcrumbList\",\"@id\":\"https:\\\/\\\/osepmendoza.com.ar\\\/web\\\/destino\\\/paquetes-mar-del-plata-2024-hotel-valles-3-superior\\\/#breadcrumb\",\"itemListElement\":[{\"@type\":\"ListItem\",\"position\":1,\"name\":\"Portada\",\"item\":\"https:\\\/\\\/osepmendoza.com.ar\\\/web\\\/\"},{\"@type\":\"ListItem\",\"position\":2,\"name\":\"Destinos\",\"item\":\"https:\\\/\\\/osepmendoza.com.ar\\\/web\\\/destinos\\\/\"},{\"@type\":\"ListItem\",\"position\":3,\"name\":\"PAQUETES MAR DEL PLATA Febrero 2026 \u2013 HOTEL VALLES 3* (Cua)\"}]},{\"@type\":\"WebSite\",\"@id\":\"https:\\\/\\\/osepmendoza.com.ar\\\/web\\\/#website\",\"url\":\"https:\\\/\\\/osepmendoza.com.ar\\\/web\\\/\",\"name\":\"OSEP Mendoza\",\"description\":\"Obra Social de los Empleados P\u00fablicos de Mendoza\",\"publisher\":{\"@id\":\"https:\\\/\\\/osepmendoza.com.ar\\\/web\\\/#organization\"},\"potentialAction\":[{\"@type\":\"SearchAction\",\"target\":{\"@type\":\"EntryPoint\",\"urlTemplate\":\"https:\\\/\\\/osepmendoza.com.ar\\\/web\\\/?s={search_term_string}\"},\"query-input\":{\"@type\":\"PropertyValueSpecification\",\"valueRequired\":true,\"valueName\":\"search_term_string\"}}],\"inLanguage\":\"es\"},{\"@type\":\"Organization\",\"@id\":\"https:\\\/\\\/osepmendoza.com.ar\\\/web\\\/#organization\",\"name\":\"OSEP - Obra Social de Empleados P\u00fablicos de Mendoza\",\"url\":\"https:\\\/\\\/osepmendoza.com.ar\\\/web\\\/\",\"logo\":{\"@type\":\"ImageObject\",\"inLanguage\":\"es\",\"@id\":\"https:\\\/\\\/osepmendoza.com.ar\\\/web\\\/#\\\/schema\\\/logo\\\/image\\\/\",\"url\":\"https:\\\/\\\/osepmendoza.com.ar\\\/web\\\/wp-content\\\/uploads\\\/2020\\\/04\\\/lkTM9T9z.jpg\",\"contentUrl\":\"https:\\\/\\\/osepmendoza.com.ar\\\/web\\\/wp-content\\\/uploads\\\/2020\\\/04\\\/lkTM9T9z.jpg\",\"width\":334,\"height\":334,\"caption\":\"OSEP - Obra Social de Empleados P\u00fablicos de Mendoza\"},\"image\":{\"@id\":\"https:\\\/\\\/osepmendoza.com.ar\\\/web\\\/#\\\/schema\\\/logo\\\/image\\\/\"},\"sameAs\":[\"https:\\\/\\\/www.facebook.com\\\/OSEP.MendozaArg\\\/\",\"https:\\\/\\\/x.com\\\/OsepMza\",\"https:\\\/\\\/www.instagram.com\\\/osep.mendoza\\\/\",\"https:\\\/\\\/www.youtube.com\\\/user\\\/osepvideos\"]}]}<\/script>\n<!-- \/ Yoast SEO plugin. -->","yoast_head_json":{"title":"PAQUETES MAR DEL PLATA Febrero 2026 \u2013 HOTEL VALLES 3* (Cua) - OSEP Mendoza","robots":{"index":"index","follow":"follow","max-snippet":"max-snippet:-1","max-image-preview":"max-image-preview:large","max-video-preview":"max-video-preview:-1"},"canonical":"https:\/\/osepmendoza.com.ar\/web\/destino\/paquetes-mar-del-plata-2024-hotel-valles-3-superior\/","og_locale":"es_ES","og_type":"article","og_title":"PAQUETES MAR DEL PLATA Febrero 2026 \u2013 HOTEL VALLES 3* (Cua) - OSEP Mendoza","og_description":"PAQUETE MAR DEL PLATA 10 \u2600\ufe0f 7 \ud83c\udf1c Incluye: \ud83d\ude8c...","og_url":"https:\/\/osepmendoza.com.ar\/web\/destino\/paquetes-mar-del-plata-2024-hotel-valles-3-superior\/","og_site_name":"OSEP Mendoza","article_publisher":"https:\/\/www.facebook.com\/OSEP.MendozaArg\/","article_modified_time":"2026-02-02T13:36:54+00:00","og_image":[{"width":480,"height":480,"url":"https:\/\/osepmendoza.com.ar\/web\/wp-content\/uploads\/2023\/11\/htl-valles.jpg","type":"image\/jpeg"}],"twitter_card":"summary_large_image","twitter_site":"@OsepMza","twitter_misc":{"Tiempo de lectura":"4 minutos"},"schema":{"@context":"https:\/\/schema.org","@graph":[{"@type":"WebPage","@id":"https:\/\/osepmendoza.com.ar\/web\/destino\/paquetes-mar-del-plata-2024-hotel-valles-3-superior\/","url":"https:\/\/osepmendoza.com.ar\/web\/destino\/paquetes-mar-del-plata-2024-hotel-valles-3-superior\/","name":"PAQUETES MAR DEL PLATA Febrero 2026 \u2013 HOTEL VALLES 3* (Cua) - OSEP Mendoza","isPartOf":{"@id":"https:\/\/osepmendoza.com.ar\/web\/#website"},"primaryImageOfPage":{"@id":"https:\/\/osepmendoza.com.ar\/web\/destino\/paquetes-mar-del-plata-2024-hotel-valles-3-superior\/#primaryimage"},"image":{"@id":"https:\/\/osepmendoza.com.ar\/web\/destino\/paquetes-mar-del-plata-2024-hotel-valles-3-superior\/#primaryimage"},"thumbnailUrl":"https:\/\/osepmendoza.com.ar\/web\/wp-content\/uploads\/2023\/11\/htl-valles.jpg","datePublished":"2023-11-28T13:21:29+00:00","dateModified":"2026-02-02T13:36:54+00:00","breadcrumb":{"@id":"https:\/\/osepmendoza.com.ar\/web\/destino\/paquetes-mar-del-plata-2024-hotel-valles-3-superior\/#breadcrumb"},"inLanguage":"es","potentialAction":[{"@type":"ReadAction","target":["https:\/\/osepmendoza.com.ar\/web\/destino\/paquetes-mar-del-plata-2024-hotel-valles-3-superior\/"]}]},{"@type":"ImageObject","inLanguage":"es","@id":"https:\/\/osepmendoza.com.ar\/web\/destino\/paquetes-mar-del-plata-2024-hotel-valles-3-superior\/#primaryimage","url":"https:\/\/osepmendoza.com.ar\/web\/wp-content\/uploads\/2023\/11\/htl-valles.jpg","contentUrl":"https:\/\/osepmendoza.com.ar\/web\/wp-content\/uploads\/2023\/11\/htl-valles.jpg","width":480,"height":480},{"@type":"BreadcrumbList","@id":"https:\/\/osepmendoza.com.ar\/web\/destino\/paquetes-mar-del-plata-2024-hotel-valles-3-superior\/#breadcrumb","itemListElement":[{"@type":"ListItem","position":1,"name":"Portada","item":"https:\/\/osepmendoza.com.ar\/web\/"},{"@type":"ListItem","position":2,"name":"Destinos","item":"https:\/\/osepmendoza.com.ar\/web\/destinos\/"},{"@type":"ListItem","position":3,"name":"PAQUETES MAR DEL PLATA Febrero 2026 \u2013 HOTEL VALLES 3* (Cua)"}]},{"@type":"WebSite","@id":"https:\/\/osepmendoza.com.ar\/web\/#website","url":"https:\/\/osepmendoza.com.ar\/web\/","name":"OSEP Mendoza","description":"Obra Social de los Empleados P\u00fablicos de Mendoza","publisher":{"@id":"https:\/\/osepmendoza.com.ar\/web\/#organization"},"potentialAction":[{"@type":"SearchAction","target":{"@type":"EntryPoint","urlTemplate":"https:\/\/osepmendoza.com.ar\/web\/?s={search_term_string}"},"query-input":{"@type":"PropertyValueSpecification","valueRequired":true,"valueName":"search_term_string"}}],"inLanguage":"es"},{"@type":"Organization","@id":"https:\/\/osepmendoza.com.ar\/web\/#organization","name":"OSEP - Obra Social de Empleados P\u00fablicos de Mendoza","url":"https:\/\/osepmendoza.com.ar\/web\/","logo":{"@type":"ImageObject","inLanguage":"es","@id":"https:\/\/osepmendoza.com.ar\/web\/#\/schema\/logo\/image\/","url":"https:\/\/osepmendoza.com.ar\/web\/wp-content\/uploads\/2020\/04\/lkTM9T9z.jpg","contentUrl":"https:\/\/osepmendoza.com.ar\/web\/wp-content\/uploads\/2020\/04\/lkTM9T9z.jpg","width":334,"height":334,"caption":"OSEP - Obra Social de Empleados P\u00fablicos de Mendoza"},"image":{"@id":"https:\/\/osepmendoza.com.ar\/web\/#\/schema\/logo\/image\/"},"sameAs":["https:\/\/www.facebook.com\/OSEP.MendozaArg\/","https:\/\/x.com\/OsepMza","https:\/\/www.instagram.com\/osep.mendoza\/","https:\/\/www.youtube.com\/user\/osepvideos"]}]}},"amp_enabled":true,"_links":{"self":[{"href":"https:\/\/osepmendoza.com.ar\/web\/wp-json\/wp\/v2\/destino\/52003","targetHints":{"allow":["GET"]}}],"collection":[{"href":"https:\/\/osepmendoza.com.ar\/web\/wp-json\/wp\/v2\/destino"}],"about":[{"href":"https:\/\/osepmendoza.com.ar\/web\/wp-json\/wp\/v2\/types\/destino"}],"wp:featuredmedia":[{"embeddable":true,"href":"https:\/\/osepmendoza.com.ar\/web\/wp-json\/wp\/v2\/media\/52004"}],"wp:attachment":[{"href":"https:\/\/osepmendoza.com.ar\/web\/wp-json\/wp\/v2\/media?parent=52003"}],"wp:term":[{"taxonomy":"zona","embeddable":true,"href":"https:\/\/osepmendoza.com.ar\/web\/wp-json\/wp\/v2\/zona?post=52003"},{"taxonomy":"region","embeddable":true,"href":"https:\/\/osepmendoza.com.ar\/web\/wp-json\/wp\/v2\/region?post=52003"}],"curies":[{"name":"wp","href":"https:\/\/api.w.org\/{rel}","templated":true}]}}